{"id":96,"date":"2012-07-13T13:21:22","date_gmt":"2012-07-13T13:21:22","guid":{"rendered":"http:\/\/www.unenfantuncartable17.fr\/?page_id=96"},"modified":"2022-08-16T09:55:07","modified_gmt":"2022-08-16T08:55:07","slug":"pagesle_senegal_en_quelques_dates","status":"publish","type":"page","link":"http:\/\/www.unenfantuncartable17.fr\/?page_id=96","title":{"rendered":"Le S\u00e9n\u00e9gal en quelques dates"},"content":{"rendered":"<div class=\"ob-section ob-section-html\">\n<p><strong><span style=\"font-family: Arial; color: #99cc00; font-size: 12pt;\"><span style=\"color: #ff9900;\">\u00a0<\/span><\/span><\/strong><\/p>\n<table class=\"MsoNormalTable\" style=\"width: 100%;\" border=\"0\" cellspacing=\"0\" cellpadding=\"0\">\n<tbody>\n<tr style=\"mso-yfti-irow: 0; mso-yfti-lastrow: yes;\">\n<td style=\"background-color: transparent; border: #ece9d8; padding: 0cm; width: 5.92755%;\">\n<p style=\"line-height: normal; margin: 0cm 0cm 10pt 18pt; mso-margin-top-alt: auto; mso-margin-bottom-alt: auto;\"><span style=\"font-family: arial black,avant garde;\"><span style=\"font-size: 12pt;\"><span style=\"mso-spacerun: yes;\">\u00a0<\/span><\/span><\/span><\/p>\n<p style=\"line-height: normal; margin: 0cm 0cm 10pt 18pt; mso-margin-top-alt: auto; mso-margin-bottom-alt: auto;\"><span style=\"font-family: arial black,avant garde;\"><span style=\"font-size: 12pt;\"><span style=\"color: #99cc00;\">\u00a0<\/span><\/span><\/span><\/p>\n<ul type=\"disc\">\n<li style=\"line-height: normal; margin: 0cm 0cm 10pt; mso-margin-top-alt: auto; mso-margin-bottom-alt: auto; mso-list: l0 level1 lfo1; tab-stops: list 36.0pt;\"><span style=\"font-family: arial black,avant garde;\"><span style=\"font-size: 12pt;\"><span style=\"color: #99cc00;\"><span style=\"mso-spacerun: yes;\">\u00a0<\/span><\/span><\/span><\/span><\/li>\n<\/ul>\n<\/td>\n<td style=\"background-color: transparent; border: #ece9d8; padding: 0cm; width: 93.8529%;\">\n<p style=\"margin: 0cm 0cm 10pt;\"><span style=\"color: #993300; font-size: 14pt;\"><strong><span style=\"mso-fareast-language: FR; mso-no-proof: yes;\"><span style=\"font-family: arial black,avant garde;\">Quelques dates dans l&rsquo;histoire du S\u00e9n\u00e9gal<\/span>\u00a0<\/span><\/strong><\/span><\/p>\n<p class=\"spip\" style=\"margin: auto 0cm;\"><span style=\"font-size: 12pt;\"><span style=\"font-family: arial,helvetica,sans-serif;\"><span style=\"font-size: 12pt;\"><span style=\"color: #99cc00;\"><strong><span style=\"color: #993300; font-size: 14pt;\">Vers 1500 <\/span><span style=\"color: #808000;\">&#8211; C<span style=\"font-size: 14pt;\">omptoirs portugais. Exploitation de l\u2019or et trafic d\u2019esclaves.<\/span><\/span><\/strong><\/span><\/span><\/span><\/span><\/p>\n<p class=\"spip\" style=\"margin: auto 0cm;\">\n<p class=\"spip\" style=\"margin: auto 0cm;\"><span style=\"font-size: 12pt;\"><span style=\"font-family: arial,helvetica,sans-serif;\"><span style=\"font-size: 12pt;\"><span style=\"color: #99cc00;\"><strong><span style=\"color: #993300; font-size: 14pt;\">XVIIe\/XIXe si\u00e8cles<\/span> <span style=\"font-size: 14pt; color: #808000;\">&#8211; Commerce d\u2019esclaves et luttes des pays europ\u00e9ens pour le contr\u00f4le des comptoirs. Pr\u00e8s de 20 millions d\u2019Africains en esclavage.<\/span><\/strong><\/span><\/span><\/span><\/span><\/p>\n<p class=\"spip\" style=\"margin: auto 0cm;\">\n<p class=\"spip\" style=\"margin: auto 0cm;\"><span style=\"font-size: 12pt;\"><span style=\"font-family: arial,helvetica,sans-serif;\"><span style=\"font-size: 12pt;\"><span style=\"color: #99cc00;\"><strong><span style=\"color: #993300; font-size: 14pt;\">1638<\/span> &#8211;<span style=\"font-size: 14pt; color: #808000;\"> Les Fran\u00e7ais cr\u00e9ent un comptoir \u00e0<\/span><\/strong><\/span><\/span><\/span><\/span><span style=\"text-decoration: underline;\"><span style=\"font-size: 14pt; color: #808000; text-decoration: underline;\"> <strong><a style=\"color: #808000; text-decoration: underline;\" href=\"http:\/\/www.au-senegal.com\/Saint-Louis-du-Senegal-et-le-delta.html\"><span style=\"font-family: arial,helvetica,sans-serif;\">Saint-Louis<\/span><\/a><span style=\"font-family: arial,helvetica,sans-serif;\">.<\/span><\/strong><\/span><\/span><\/p>\n<p class=\"spip\" style=\"margin: auto 0cm;\">\n<p class=\"spip\" style=\"margin: auto 0cm;\"><span style=\"font-size: 12pt;\"><span style=\"font-family: arial,helvetica,sans-serif;\"><span style=\"font-size: 12pt;\"><span style=\"color: #99cc00;\"><strong><span style=\"color: #993300; font-size: 14pt;\">1677<\/span> &#8211;<span style=\"font-size: 14pt; color: #808000;\"> Le vice-amiral fran\u00e7ais d\u2019Estr\u00e9es chasse les Hollandais de l\u2019\u00eele de Gor\u00e9e. Jusqu\u2019\u00e0 la fin de l\u2019ancien r\u00e9gime, les Fran\u00e7ais se maintiennent \u00e0 Gor\u00e9e et \u00e0 Saint-Louis. Le trafic des esclaves et le commerce de la gomme, constituent les activit\u00e9s principales des Europ\u00e9ens<\/span>.<\/strong><\/span><\/span><\/span><\/span><\/p>\n<p class=\"spip\" style=\"margin: auto 0cm;\">\n<p class=\"spip\" style=\"margin: auto 0cm;\"><span style=\"font-size: 12pt;\"><span style=\"font-family: arial,helvetica,sans-serif;\"><span style=\"font-size: 12pt;\"><span style=\"color: #99cc00;\"><strong><span style=\"color: #993300; font-size: 14pt;\">1770<\/span> &#8211;<span style=\"color: #808000; font-size: 14pt;\"> L\u2019islam s\u2019\u00e9tend \u00e0 tout le S\u00e9n\u00e9gal.<\/span><\/strong><\/span><\/span><\/span><\/span><\/p>\n<p class=\"spip\" style=\"margin: auto 0cm;\"><strong>\u00a0<\/strong><\/p>\n<p class=\"spip\" style=\"margin: auto 0cm;\"><span style=\"font-size: 12pt;\"><span style=\"font-family: arial,helvetica,sans-serif;\"><span style=\"font-size: 12pt;\"><span style=\"color: #99cc00;\"><strong><span style=\"color: #993300; font-size: 14pt;\">XVIIIe si\u00e8cle<\/span> &#8211;<span style=\"font-size: 14pt; color: #808000;\"> Les colonies fran\u00e7aises de Gor\u00e9e et de Saint-Louis se d\u00e9veloppent.<\/span><\/strong><\/span><\/span><\/span><\/span><\/p>\n<p class=\"spip\" style=\"margin: auto 0cm;\">\n<p class=\"spip\" style=\"margin: auto 0cm;\"><span style=\"font-size: 12pt;\"><span style=\"font-family: arial,helvetica,sans-serif;\"><span style=\"font-size: 12pt;\"><span style=\"color: #99cc00;\"><strong><span style=\"color: #993300; font-size: 14pt;\">1848<\/span> &#8211; <span style=\"color: #808000; font-size: 14pt;\">La France abolit l\u2019esclavage.<\/span><\/strong><\/span><\/span><\/span><\/span><\/p>\n<p class=\"spip\" style=\"margin: auto 0cm;\">\n<p class=\"spip\" style=\"margin: auto 0cm;\"><span style=\"font-size: 12pt;\"><span style=\"font-family: arial,helvetica,sans-serif;\"><span style=\"font-size: 12pt;\"><span style=\"color: #99cc00;\"><strong><span style=\"color: #993300; font-size: 14pt;\">1850<\/span> \u2013 <span style=\"font-size: 14pt; color: #808000;\">Omar Tall \u00e0 la t\u00eate de la confr\u00e9rie Tijaniya cr\u00e9e un empire islamique s\u2019\u00e9tendant, \u00e0 l\u2019est jusqu\u2019\u00e0 Tombouctou et \u00e0 l\u2019ouest, jusqu\u2019au S\u00e9n\u00e9gal, avec pour capitale la ville de S\u00e9gou (Mali). Louis Faidherbe envahit les terres des Wolofs, cr\u00e9e des plantations d\u2019arachide et fonde Dakar.<\/span><\/strong><\/span><\/span><\/span><\/span><\/p>\n<p class=\"spip\" style=\"margin: auto 0cm;\">\n<p class=\"spip\" style=\"margin: auto 0cm;\"><span style=\"font-size: 12pt;\"><span style=\"font-family: arial,helvetica,sans-serif;\"><span style=\"font-size: 12pt;\"><span style=\"color: #99cc00;\"><strong><span style=\"color: #993300; font-size: 14pt;\">1864<\/span> &#8211; <span style=\"font-size: 14pt; color: #808000;\">Les Fran\u00e7ais battent les forces d\u2019Omar Tall. Toutefois ce dernier pousse ses disciples \u00e0 poursuivre le jihad connu sous le nom de \u00ab\u00a0guerre des marabouts\u00a0\u00bb, un conflit qui va durer trente ans. Les Wolofs, convertis entre temps \u00e0 l\u2019islam, combattent l\u2019expansion fran\u00e7aise. Lat Dior, grand r\u00e9sistant meurt en 1886.<\/span><\/strong><\/span><\/span><\/span><\/span><\/p>\n<p class=\"spip\" style=\"margin: auto 0cm;\">\n<p class=\"spip\" style=\"margin: auto 0cm;\"><span style=\"font-size: 12pt;\"><span style=\"font-family: arial,helvetica,sans-serif;\"><span style=\"font-size: 12pt;\"><span style=\"color: #99cc00;\"><strong><span style=\"color: #993300; font-size: 14pt;\">1884\/1885<\/span> <span style=\"font-size: 14pt; color: #808000;\">&#8211; A la conf\u00e9rence de Berlin, les puissances europ\u00e9ennes se partagent le continent. La plus grande partie de l\u2019Afrique occidentale revient \u00e0 la France. La Gambie, enclave \u00e0 l\u2019int\u00e9rieur du S\u00e9n\u00e9gal, demeure colonie britannique<\/span><\/strong><span style=\"font-size: 14pt; color: #808000;\">.<\/span><\/span><\/span><\/span><\/span><\/p>\n<p class=\"spip\" style=\"margin: auto 0cm;\">\n<p class=\"spip\" style=\"margin: auto 0cm;\">\n<p class=\"spip\" style=\"margin: auto 0cm;\"><strong><span style=\"color: #993300; font-size: 12pt; font-family: arial, helvetica, sans-serif;\"><span style=\"font-size: 14pt;\">1914<\/span>. <span style=\"color: #808000; font-size: 14pt;\">Blaise Diagne\u00a0devient le premier d\u00e9put\u00e9 noir de l&rsquo;Assembl\u00e9e Nationale en France.<\/span><\/span><\/strong><\/p>\n<p class=\"spip\" style=\"margin: auto 0cm;\"><strong>\u00a0<\/strong><\/p>\n<p class=\"spip\" style=\"margin: auto 0cm;\"><span style=\"font-size: 12pt;\"><span style=\"font-family: arial,helvetica,sans-serif;\"><span style=\"font-size: 12pt;\"><span style=\"color: #99cc00;\"><strong><span style=\"color: #993300; font-size: 14pt;\">1929<\/span> &#8211; <span style=\"font-size: 14pt; color: #808000;\">Rencontre de L\u00e9opold S\u00e9dar Senghor avec Aim\u00e9 C\u00e9saire. Il pr\u00e9cise sa conception de la n\u00e9gritude<\/span><\/strong><span style=\"font-size: 14pt; color: #808000;\">.<\/span><\/span><\/span><\/span><\/span><\/p>\n<p class=\"spip\" style=\"margin: auto 0cm;\">\n<p class=\"spip\" style=\"margin: auto 0cm;\"><span style=\"font-size: 12pt;\"><span style=\"font-family: arial,helvetica,sans-serif;\"><span style=\"font-size: 12pt;\"><span style=\"color: #99cc00;\"><strong><span style=\"color: #993300; font-size: 14pt;\">1933<\/span> &#8211; <span style=\"font-size: 14pt; color: #808000;\">Senghor devient le premier agr\u00e9g\u00e9 africain.<\/span><\/strong><\/span><\/span><\/span><\/span><\/p>\n<p class=\"spip\" style=\"margin: auto 0cm;\">\n<p class=\"spip\" style=\"margin: auto 0cm;\"><span style=\"font-size: 12pt;\"><span style=\"font-family: arial,helvetica,sans-serif;\"><span style=\"font-size: 12pt;\"><span style=\"color: #99cc00;\"><strong><span style=\"color: #993300; font-size: 14pt;\">1945<\/span> &#8211; <span style=\"font-size: 14pt; color: #808000;\">La France consid\u00e8re le S\u00e9n\u00e9gal comme partie int\u00e9grante de la m\u00e9tropole et non comme simple colonie. Le S\u00e9n\u00e9gal envoie des d\u00e9put\u00e9s \u00e0 l\u2019Assembl\u00e9e nationale, dont<\/span><\/strong><\/span><\/span><\/span><\/span><span style=\"font-size: 14pt; color: #808000;\"> <strong><a style=\"color: #808000;\" href=\"http:\/\/www.au-senegal.com\/Leopold-Sedar-Senghor.html\"><span style=\"font-family: arial,helvetica,sans-serif;\">Senghor<\/span><\/a><span style=\"font-family: arial,helvetica,sans-serif;\">.<\/span><\/strong><\/span><\/p>\n<p class=\"spip\" style=\"margin: auto 0cm;\"><strong>\u00a0<\/strong><\/p>\n<p class=\"spip\" style=\"margin: auto 0cm;\"><span style=\"font-size: 12pt;\"><span style=\"font-family: arial,helvetica,sans-serif;\"><span style=\"font-size: 12pt;\"><span style=\"color: #99cc00;\"><strong><span style=\"color: #993300; font-size: 14pt;\">1948<\/span> &#8211; <span style=\"font-size: 14pt; color: #808000;\">Cr\u00e9ation par Senghor du Bloc d\u00e9mocratique s\u00e9n\u00e9galais.<\/span><\/strong><\/span><\/span><\/span><\/span><\/p>\n<p class=\"spip\" style=\"margin: auto 0cm;\">\n<p class=\"spip\" style=\"margin: auto 0cm;\"><span style=\"font-size: 12pt;\"><span style=\"font-family: arial,helvetica,sans-serif;\"><span style=\"font-size: 12pt;\"><span style=\"color: #99cc00;\"><strong><span style=\"color: #993300; font-size: 14pt;\">1960<\/span> &#8211; <span style=\"font-size: 14pt; color: #808000;\">Le 20 juin, le S\u00e9n\u00e9gal et le Mali deviennent ind\u00e9pendants mais demeurent au sein de l\u2019Union fran\u00e7aise. Deux mois plus tard, la f\u00e9d\u00e9ration du Mali \u00e9clate et l\u2019AOF se scinde en neuf r\u00e9publiques. Senghor devient le premier pr\u00e9sident du S\u00e9n\u00e9gal.<\/span><\/strong><\/span><\/span><\/span><\/span><\/p>\n<p class=\"spip\" style=\"margin: auto 0cm;\"><span style=\"font-size: 12pt;\"><span style=\"font-family: arial,helvetica,sans-serif;\"><span style=\"font-size: 12pt;\"><span style=\"color: #99cc00;\"><strong><span style=\"color: #ff9900;\"><span style=\"font-size: 10pt;\"><span style=\"color: #ff9900;\">\u00a0<\/span><\/span><\/span><\/strong><\/span><\/span><\/span><\/span><\/p>\n<p class=\"spip\" style=\"margin: auto 0cm;\"><strong style=\"color: #99cc00; font-size: 12pt; font-family: arial, helvetica, sans-serif; background-color: transparent; line-height: 1.5;\"><span style=\"color: #993300; font-size: 14pt;\">1974<\/span> &#8211;<span style=\"font-family: arial, helvetica, sans-serif; font-size: 14pt; color: #808000;\"> Senghor est le premier chef d\u2019\u00c9tat africain \u00e0 lib\u00e9raliser la vie politique en instaurant le pluralisme et le multipartisme<\/span><\/strong><span style=\"font-family: arial, helvetica, sans-serif; font-size: 14pt; color: #808000;\">.<\/span><\/p>\n<p class=\"spip\" style=\"margin: auto 0cm;\">\n<p class=\"spip\" style=\"margin: auto 0cm;\"><strong><span style=\"font-family: Arial; color: #99cc00; font-size: 12pt;\"><span style=\"color: #993300; font-size: 14pt; font-family: arial, helvetica, sans-serif;\">1981<\/span>&#8211;<\/span><span style=\"font-size: 14pt; font-family: arial, helvetica, sans-serif; color: #808000;\">\u00a0<a style=\"color: #808000;\" href=\"http:\/\/www.au-senegal.com\/Abdou-Diouf.html\">Abdou Diouf<\/a>, premier ministre succ\u00e8de \u00e0 Senghor.\u00a0Cr\u00e9ation de la Conf\u00e9d\u00e9ration s\u00e9n\u00e9gambienne.<\/span><\/strong><\/p>\n<p><span style=\"font-size: 12pt;\"><span style=\"font-family: arial,helvetica,sans-serif;\"><span style=\"font-size: 12pt;\"><span style=\"color: #99cc00;\"><strong><span style=\"color: #993300; font-size: 14pt;\">1988<\/span> &#8211;<span style=\"font-size: 14pt; color: #808000;\"> \u00c9lections pr\u00e9sidentielles. Diouf est \u00e9lu avec 73\u00a0% des voix. Il fait arr\u00eater<\/span><\/strong><\/span><\/span><\/span><\/span><span style=\"font-size: 14pt; color: #808000;\"> <strong><a style=\"color: #808000;\" href=\"http:\/\/www.au-senegal.com\/Abdoulaye-Wade.html\"><span style=\"font-family: arial,helvetica,sans-serif;\">Abdoulaye Wade<\/span><\/a><span style=\"font-family: arial,helvetica,sans-serif;\">, son principal opposant accus\u00e9 de violences pendant les \u00e9lections. Condamn\u00e9 \u00e0 un an de prison, ce dernier s\u2019exile en France.<\/span><\/strong><\/span><\/p>\n<p class=\"spip\" style=\"margin: auto 0cm;\"><strong style=\"color: #99cc00; font-size: 12pt; font-family: arial, helvetica, sans-serif; background-color: transparent; line-height: 1.5;\"><span style=\"color: #993300; font-size: 14pt;\">1989<\/span> &#8211; <span style=\"font-size: 14pt; color: #808000;\">La Conf\u00e9d\u00e9ration s\u00e9n\u00e9gambienne est dissoute. Crise avec la Mauritanie et campagne des s\u00e9paratistes casaman\u00e7ais, dans le sud du pays.<\/span><\/strong><\/p>\n<p class=\"spip\" style=\"margin: auto 0cm;\">\n<p class=\"spip\" style=\"margin: auto 0cm;\">\n<p class=\"spip\" style=\"margin: auto 0cm;\"><span style=\"font-size: 12pt;\"><span style=\"font-family: arial,helvetica,sans-serif;\"><span style=\"font-size: 12pt;\"><span style=\"color: #99cc00;\"><strong><span style=\"font-size: 14pt; color: #993300;\">1990<\/span> &#8211; <span style=\"font-size: 14pt; color: #808000;\">Wade revient d&rsquo;exil politique<\/span><\/strong><span style=\"font-size: 14pt; color: #808000;\">.<\/span><\/span><\/span><\/span><\/span><\/p>\n<p class=\"spip\" style=\"margin: auto 0cm;\">\n<p class=\"spip\" style=\"margin: auto 0cm;\"><span style=\"font-size: 12pt;\"><span style=\"font-family: arial,helvetica,sans-serif;\"><span style=\"font-size: 12pt;\"><span style=\"color: #99cc00;\"><strong><span style=\"color: #993300; font-size: 14pt;\">1991<\/span> &#8211;<span style=\"font-size: 14pt; color: #808000;\"> En mars, l\u2019Assembl\u00e9e nationale s\u00e9n\u00e9galaise approuve la participation au gouvernement de l\u2019opposition. Wade est nomm\u00e9 Premier ministre.<\/span><\/strong><\/span><\/span><\/span><\/span><\/p>\n<p class=\"spip\" style=\"margin: auto 0cm;\">\n<p class=\"spip\" style=\"margin: auto 0cm;\"><span style=\"font-size: 12pt;\"><span style=\"font-family: arial,helvetica,sans-serif;\"><span style=\"font-size: 12pt;\"><span style=\"color: #99cc00;\"><strong><span style=\"color: #993300; font-size: 14pt;\">1993<\/span> &#8211; <span style=\"font-size: 14pt; color: #808000;\">\u00c9lections pr\u00e9sidentielles en f\u00e9vrier. Abdou Diouf est r\u00e9\u00e9lu pour un troisi\u00e8me mandat avec 58\u00a0% des voix contre 32\u00a0% pour Abdoulaye Wade. Violentes manifestations en Casamance.<\/span><\/strong><\/span><\/span><\/span><\/span><\/p>\n<p class=\"spip\" style=\"margin: auto 0cm;\">\n<p class=\"spip\" style=\"margin: auto 0cm;\"><span style=\"font-size: 12pt;\"><span style=\"font-family: arial,helvetica,sans-serif;\"><span style=\"font-size: 12pt;\"><span style=\"color: #99cc00;\"><strong><span style=\"color: #993300; font-size: 14pt;\">1994<\/span> &#8211; <span style=\"font-size: 14pt; color: #808000;\">La d\u00e9valuation du franc CFA attise la tension sociale. De violentes manifestations \u00e0 Dakar conduisent \u00e0 l\u2019arrestation de Wade, rel\u00e2ch\u00e9 en mai.<\/span><\/strong><\/span><\/span><\/span><\/span><\/p>\n<p class=\"spip\" style=\"margin: auto 0cm;\">\n<p class=\"spip\" style=\"margin: auto 0cm;\"><span style=\"font-size: 12pt;\"><span style=\"font-family: arial,helvetica,sans-serif;\"><span style=\"font-size: 12pt;\"><span style=\"color: #99cc00;\"><strong><span style=\"color: #993300; font-size: 14pt;\">1998<\/span> &#8211; <span style=\"color: #808000; font-size: 14pt;\">Djibo Ka, un des responsables du Parti socialiste, cr\u00e9e le Renouveau d\u00e9mocratique qui gagne 11 si\u00e8ges aux l\u00e9gislatives de mai.<\/span><\/strong><\/span><\/span><\/span><\/span><\/p>\n<p class=\"spip\" style=\"margin: auto 0cm;\">\n<p class=\"spip\" style=\"margin: auto 0cm;\"><span style=\"font-size: 12pt;\"><span style=\"font-family: arial,helvetica,sans-serif;\"><span style=\"font-size: 12pt;\"><span style=\"color: #99cc00;\"><strong><span style=\"color: #993300; font-size: 14pt;\">2000<\/span> &#8211; <span style=\"font-size: 14pt; color: #808000;\">Elections pr\u00e9sidentielles. Abdou Diouf est oppos\u00e9 \u00e0 Abdoulaye Wade. Le 25 mars, le Conseil constitutionnel proclame Abdoulaye Wade vainqueur avec 58,49% des voix au deuxi\u00e8me tour.<\/span><\/strong><\/span><\/span><\/span><\/span><\/p>\n<p class=\"spip\" style=\"margin: auto 0cm;\">\n<p class=\"spip\" style=\"margin: auto 0cm;\"><span style=\"font-size: 12pt;\"><span style=\"font-family: arial,helvetica,sans-serif;\"><span style=\"font-size: 12pt;\"><span style=\"color: #99cc00;\">\u00a0<\/span><\/span><\/span><\/span>\u00a0<span style=\"font-size: 12pt;\"><span style=\"font-family: arial,helvetica,sans-serif;\"><span style=\"font-size: 12pt;\"><span style=\"color: #99cc00;\"><strong><span style=\"color: #993300; font-size: 14pt;\">2001<\/span> &#8211;<span style=\"font-size: 14pt; color: #808000;\"> 3 mars &#8211; Mame Madior Boye est la premi\u00e8re femme \u00e0 occuper le poste de Premier ministre au S\u00e9n\u00e9gal.<\/span><\/strong><\/span><\/span><\/span><\/span><\/p>\n<p class=\"spip\" style=\"margin: auto 0cm;\">\n<p class=\"spip\" style=\"margin: auto 0cm;\"><span style=\"font-size: 12pt;\"><span style=\"font-family: arial,helvetica,sans-serif;\"><span style=\"font-size: 12pt;\"><span style=\"color: #99cc00;\"><strong><span style=\"color: #993300; font-size: 14pt;\">2001<\/span> &#8211; <span style=\"font-size: 14pt; color: #808000;\">29 avril &#8211; Elections l\u00e9gislatives\u00a0: la Coalition Sopi (qui soutient le pr\u00e9sident de la R\u00e9publique) obtient 89 si\u00e8ges sur 120 \u00e0 l\u2019Assembl\u00e9e nationale.<\/span><\/strong><\/span><\/span><\/span><\/span><\/p>\n<p class=\"spip\" style=\"margin: auto 0cm;\">\n<p class=\"spip\" style=\"margin: auto 0cm;\"><span style=\"font-size: 12pt;\"><span style=\"font-family: arial,helvetica,sans-serif;\"><span style=\"font-size: 12pt;\"><span style=\"color: #99cc00;\"><strong><span style=\"color: #993300; font-size: 14pt;\">2001 <\/span>&#8211;<span style=\"color: #808000; font-size: 14pt;\"> 20 d\u00e9cembre &#8211; Mort de Senghor.<\/span><\/strong><\/span><\/span><\/span><\/span><\/p>\n<p class=\"spip\" style=\"margin: auto 0cm;\">\n<p class=\"spip\" style=\"margin: auto 0cm;\"><span style=\"font-size: 12pt;\"><span style=\"font-family: arial,helvetica,sans-serif;\"><span style=\"font-size: 12pt;\"><span style=\"color: #99cc00;\"><span style=\"color: #993300; font-size: 14pt;\"><strong>2007<\/strong><\/span> &#8211; <span style=\"color: #808000; font-size: 14pt;\"><strong>Abdoulaye Wade est r\u00e9\u00e9lu pr\u00e9sident de la R\u00e9publique.<\/strong><\/span><\/span><\/span><\/span><\/span><\/p>\n<p class=\"spip\" style=\"margin: auto 0cm;\">\n<p class=\"spip\" style=\"margin: auto 0cm;\"><span style=\"font-size: 14pt; color: #993300;\"><strong><span style=\"font-family: arial, helvetica, sans-serif;\">2012<\/span><\/strong>&#8211;<\/span> <span style=\"color: #808000; font-size: 14pt;\"><strong><span style=\"font-family: arial, helvetica, sans-serif;\">Macky Sall est \u00e9lu pr\u00e9sident de la R\u00e9publique.<\/span><\/strong><\/span><\/p>\n<p><strong><span style=\"font-size: 14pt; font-family: arial, helvetica, sans-serif; color: #993300;\">2019- <span style=\"color: #808000;\">Macky Sall est r\u00e9\u00e9lu pr\u00e9sident de la R\u00e9publique<\/span><\/span><\/strong><\/td>\n<\/tr>\n<\/tbody>\n<tbody>\n<tr style=\"mso-yfti-irow: 0; mso-yfti-lastrow: yes;\">\n<td style=\"background-color: transparent; border: #ece9d8; padding: 0cm; width: 5.92755%;\">\n<p style=\"line-height: normal; margin: 0cm 0cm 10pt 18pt; mso-margin-top-alt: auto; mso-margin-bottom-alt: auto;\"><span style=\"font-family: arial,helvetica,sans-serif;\"><span style=\"font-size: 12pt;\"><span style=\"mso-spacerun: yes;\">\u00a0<\/span><\/span><\/span><\/p>\n<\/td>\n<td style=\"background-color: transparent; border: #ece9d8; padding: 0cm; width: 93.8529%;\">\n<p class=\"spip\" style=\"margin: auto 0cm;\">\n<p class=\"spip\" style=\"margin: auto 0cm;\">\n<p class=\"spip\" style=\"margin: auto 0cm;\"><span style=\"font-family: arial,helvetica,sans-serif;\"><span style=\"font-size: 12pt;\">\u00a0<\/span><\/span><\/p>\n<\/td>\n<td style=\"background-color: transparent; border: #ece9d8; padding: 0cm; width: 0%;\">\n<p style=\"margin: 0cm 0cm 10pt;\">\n<\/td>\n<\/tr>\n<\/tbody>\n<tbody>\n<tr>\n<td style=\"background-color: transparent; border: #ece9d8; padding: 0cm; width: 5.92755%;\">\n<p style=\"margin: 0cm 0cm 10pt;\"><span style=\"font-family: arial,helvetica,sans-serif;\"><span style=\"font-size: 12pt;\">\u00a0<\/span><\/span><\/p>\n<p style=\"margin: 0cm 0cm 10pt;\"><span style=\"font-family: arial,helvetica,sans-serif;\"><span style=\"font-size: 12pt;\">\u00a0<\/span><\/span><\/p>\n<\/td>\n<\/tr>\n<\/tbody>\n<\/table>\n<p style=\"margin: 0cm 0cm 10pt;\"><span style=\"display: none; mso-hide: all;\"><span style=\"font-family: arial,helvetica,sans-serif;\"><span style=\"font-size: 12pt;\">\u00a0<\/span><\/span><\/span><\/p>\n<p style=\"margin: 0cm 0cm 10pt;\"><span style=\"display: none; mso-hide: all;\"><span style=\"font-size: 12pt;\"><span style=\"font-family: Times New Roman;\">AnnulerValider<\/span><\/span><\/span><\/p>\n<p style=\"margin: 0cm 0cm 10pt;\">\n<div>\n<div>\n<div>\n<div>\n<div>\n<div>\n<div>\n<div>\n<div>\n<div>\n<div>\n<div>\n<div>\n<div>\n<div>\n<div>\n<div>\n<div>\n<div>\n<div><span style=\"font-family: Times New Roman; font-size: 12pt;\"><object id=\"sm2movie\" type=\"application\/x-shockwave-flash\" width=\"16\" height=\"16\"><param name=\"WMode\" value=\"Window\" \/><param name=\"Play\" value=\"-1\" \/><param name=\"Loop\" value=\"-1\" \/><param name=\"Quality\" value=\"High\" \/><param name=\"Menu\" value=\"-1\" \/><param name=\"Scale\" value=\"ShowAll\" \/><param name=\"DeviceFont\" value=\"0\" \/><param name=\"EmbedMovie\" value=\"0\" \/><param name=\"SeamlessTabbing\" value=\"1\" \/><param name=\"Profile\" value=\"0\" \/><param name=\"ProfilePort\" value=\"0\" \/><param name=\"AllowNetworking\" value=\"all\" \/><param name=\"AllowFullScreen\" value=\"false\" \/><\/object><\/span><\/div>\n<\/div>\n<\/div>\n<\/div>\n<\/div>\n<\/div>\n<\/div>\n<\/div>\n<\/div>\n<\/div>\n<\/div>\n<\/div>\n<\/div>\n<\/div>\n<\/div>\n<\/div>\n<\/div>\n<\/div>\n<\/div>\n<\/div>\n<p style=\"line-height: normal; margin: 0cm 0cm 10pt; mso-margin-top-alt: auto; mso-margin-bottom-alt: auto; mso-outline-level: 3;\"><strong><span style=\"font-family: &amp;amp; amp; font-size: 13.5pt; mso-fareast-font-family: 'Times New Roman'; mso-fareast-language: FR;\">\u00a0<\/span><\/strong><\/p>\n<p style=\"margin: 0cm 0cm 10pt;\"><span style=\"font-family: Times New Roman; font-size: 12pt;\">\u00a0<\/span><\/p>\n<\/div>\n","protected":false},"excerpt":{"rendered":"<p>\u00a0 \u00a0 \u00a0 \u00a0 Quelques dates dans l&rsquo;histoire du S\u00e9n\u00e9gal\u00a0 Vers 1500 &#8211; Comptoirs portugais. Exploitation de l\u2019or et trafic d\u2019esclaves. XVIIe\/XIXe si\u00e8cles &#8211; Commerce d\u2019esclaves et luttes des pays europ\u00e9ens pour le contr\u00f4le des comptoirs. Pr\u00e8s de 20 millions d\u2019Africains en esclavage. 1638 &#8211; Les Fran\u00e7ais cr\u00e9ent un comptoir \u00e0 Saint-Louis. 1677 &#8211; Le [&hellip;]<\/p>\n","protected":false},"author":2,"featured_media":0,"parent":0,"menu_order":0,"comment_status":"open","ping_status":"open","template":"","meta":{"jetpack_post_was_ever_published":false,"footnotes":""},"class_list":["post-96","page","type-page","status-publish","hentry"],"jetpack_sharing_enabled":true,"jetpack_shortlink":"https:\/\/wp.me\/P5o8j7-1y","_links":{"self":[{"href":"http:\/\/www.unenfantuncartable17.fr\/index.php?rest_route=\/wp\/v2\/pages\/96","targetHints":{"allow":["GET"]}}],"collection":[{"href":"http:\/\/www.unenfantuncartable17.fr\/index.php?rest_route=\/wp\/v2\/pages"}],"about":[{"href":"http:\/\/www.unenfantuncartable17.fr\/index.php?rest_route=\/wp\/v2\/types\/page"}],"author":[{"embeddable":true,"href":"http:\/\/www.unenfantuncartable17.fr\/index.php?rest_route=\/wp\/v2\/users\/2"}],"replies":[{"embeddable":true,"href":"http:\/\/www.unenfantuncartable17.fr\/index.php?rest_route=%2Fwp%2Fv2%2Fcomments&post=96"}],"version-history":[{"count":6,"href":"http:\/\/www.unenfantuncartable17.fr\/index.php?rest_route=\/wp\/v2\/pages\/96\/revisions"}],"predecessor-version":[{"id":3790,"href":"http:\/\/www.unenfantuncartable17.fr\/index.php?rest_route=\/wp\/v2\/pages\/96\/revisions\/3790"}],"wp:attachment":[{"href":"http:\/\/www.unenfantuncartable17.fr\/index.php?rest_route=%2Fwp%2Fv2%2Fmedia&parent=96"}],"curies":[{"name":"wp","href":"https:\/\/api.w.org\/{rel}","templated":true}]}}