{"id":94,"date":"2012-07-13T13:44:31","date_gmt":"2012-07-13T13:44:31","guid":{"rendered":"http:\/\/www.unenfantuncartable17.fr\/?page_id=94"},"modified":"2025-09-20T11:01:10","modified_gmt":"2025-09-20T10:01:10","slug":"pagesles_statuts","status":"publish","type":"page","link":"http:\/\/www.unenfantuncartable17.fr\/?page_id=94","title":{"rendered":"Les statuts"},"content":{"rendered":"<div class=\"ob-section ob-section-html\">\n<p class=\"MsoTitle\" style=\"margin: 0cm 0cm 0pt;\"><span style=\"color: #993300; font-size: 14pt; font-family: 'arial black', sans-serif;\"><strong><span style=\"mso-ansi-language: FR;\">UN ENFANT, UN CARTABLE<\/span> . <\/strong><\/span><\/p>\n<p class=\"MsoTitle\" style=\"margin: 0cm 0cm 0pt;\"><span style=\"color: #993300; font-size: 14pt; font-family: 'arial black', sans-serif;\"><strong><span style=\"mso-ansi-language: FR;\">Association Jean-Louis Baroin<\/span><\/strong><\/span><\/p>\n<p class=\"MsoTitle\" style=\"margin: 0cm 0cm 0pt;\"><span style=\"color: #993300; font-size: 14pt; font-family: 'arial black', sans-serif;\"><strong>Association r\u00e9gie par la loi du 1er Juillet 1901<\/strong><\/span><\/p>\n<p class=\"MsoTitle\" style=\"margin: 0cm 0cm 0pt;\"><span style=\"font-family: 'arial black', sans-serif; font-size: 14pt; color: #993300;\">D\u00e9clar\u00e9e au JO du 08\/02\/2008<\/span><\/p>\n<p class=\"MsoTitle\" style=\"margin: 0cm 0cm 0pt;\"><span style=\"color: #993300; font-size: 14pt; font-family: 'arial black', sans-serif;\"><strong>\u00a0<\/strong>\u00a0<\/span><\/p>\n<p class=\"MsoTitle\" style=\"margin: 0cm 0cm 0pt;\"><span style=\"color: #993300; font-size: 14pt; font-family: 'arial black', sans-serif;\"><strong><span style=\"text-decoration: underline;\">Si\u00e8ge Social :<\/span>\u00a07, rue du Clair Matin. 17137 Nieul\/Mer<\/strong><\/span><\/p>\n<p class=\"MsoTitle\" style=\"margin: 0cm 0cm 0pt;\"><span style=\"color: #993300; font-size: 14pt; font-family: 'arial black', sans-serif;\"><strong><span style=\"text-decoration: underline;\">Correspondance:<\/span>\u00a012 rue de la Cabane des P\u00e8res. 17340 Ch\u00e2telaillon-Plage<\/strong><\/span><\/p>\n<p style=\"margin: 0cm 0cm 0pt; mso-layout-grid-align: none;\"><span style=\"font-family: 'arial black', sans-serif; color: #993300; font-size: 14pt;\">\u00a0<\/span><\/p>\n<p style=\"margin: 0cm 0cm 0pt; mso-layout-grid-align: none;\"><span style=\"font-family: 'arial black', sans-serif; color: #993300; font-size: 14pt;\">\u00a0<\/span><\/p>\n<p style=\"margin: 0cm 0cm 0pt; mso-layout-grid-align: none;\"><span style=\"color: #993300; font-family: 'arial black', sans-serif; font-size: 14pt;\"><strong><span style=\"text-decoration: underline;\"><span style=\"text-decoration: none;\">\u00a0<\/span><\/span><span style=\"text-decoration: underline;\">I &#8211; FORME &#8211; OBJET &#8211; DENOMINATION &#8211; SIEGE &#8211; DUREE<\/span><\/strong><\/span><\/p>\n<p style=\"margin: 0cm 0cm 0pt; mso-layout-grid-align: none;\"><span style=\"text-decoration: underline; font-family: 'arial black', sans-serif; font-size: 14pt;\"><span style=\"color: #808000;\"><strong>A<span style=\"color: #808000; text-decoration: underline;\">rticle premier &#8211; Forme<\/span><\/strong><\/span><\/span><\/p>\n<p style=\"text-align: justify; margin: 0cm 0cm 0pt; mso-layout-grid-align: none;\"><span style=\"color: #808000; font-size: 14pt; font-family: 'arial black', sans-serif;\"><strong>Il est form\u00e9, entre les soussign\u00e9s et les personnes physiques ou morales qui adh\u00e9reront aux pr\u00e9sents statuts et rempliront les conditions ci-apr\u00e8s fix\u00e9es, une association d\u00e9clar\u00e9e qui sera r\u00e9gie par la loi du 1er Juillet 1901 et les pr\u00e9sents statuts.<\/strong><\/span><\/p>\n<p style=\"text-align: justify; margin: 0cm 0cm 0pt; mso-layout-grid-align: none;\"><span style=\"color: #808000; font-family: 'arial black', sans-serif; font-size: 14pt;\"><strong>\u00a0<\/strong><\/span><\/p>\n<p style=\"text-align: justify; margin: 0cm 0cm 0pt; mso-layout-grid-align: none;\"><span style=\"font-size: 14pt; color: #808000; font-family: 'arial black', sans-serif;\"><strong><span style=\"text-decoration: underline;\"><span style=\"text-decoration: underline;\">Article 2 &#8211; Objet<\/span><\/span><\/strong><\/span><\/p>\n<p style=\"text-align: justify; margin: 0cm 0cm 0pt; mso-layout-grid-align: none;\"><span style=\"font-family: 'arial black', sans-serif; font-size: 14pt;\"><strong><span style=\"color: #808000;\">Consid\u00e9rant qu\u2019une des conditions du d\u00e9veloppement, est une \u00e9ducation scolaire plus largement r\u00e9pandue et un acc\u00e8s plus large \u00e0 la culture et la citoyennet\u00e9, l\u2019association centre son action sur l\u2019aide \u00e0 la scolarisation en \u00e9coles la\u00efques (et prioritairement les filles) de milieux les plus d\u00e9favoris\u00e9s. L\u2019association refuse les parrainages individuels, les enfants sont pris en charge collectivement, par cohortes d\u2019une m\u00eame classe d\u2019\u00e2ge.\u00a0<\/span><\/strong><\/span><\/p>\n<p style=\"text-align: justify; margin: 0cm 0cm 0pt; mso-layout-grid-align: none;\"><span style=\"font-size: 14pt; color: #808000; font-family: 'arial black', sans-serif;\"><strong>Ses moyens d&rsquo;action sont pr\u00e9cis\u00e9s par le r\u00e8glement int\u00e9rieur.<\/strong><\/span><\/p>\n<p style=\"text-align: justify; margin: 0cm 0cm 0pt; mso-layout-grid-align: none;\"><span style=\"font-family: 'arial black', sans-serif; font-size: 14pt; color: #808000;\">\u00a0<\/span><\/p>\n<p style=\"text-align: justify; margin: 0cm 0cm 0pt; mso-layout-grid-align: none;\"><span style=\"font-size: 14pt; color: #808000; font-family: 'arial black', sans-serif;\"><strong><span style=\"text-decoration: underline;\"><span style=\"text-decoration: underline;\">Article 3 &#8211; D\u00e9nomination<\/span><\/span><\/strong><\/span><\/p>\n<p style=\"text-align: justify; margin: 0cm 0cm 0pt; mso-layout-grid-align: none;\"><span style=\"font-size: 14pt; color: #808000; font-family: 'arial black', sans-serif;\"><strong>La d\u00e9nomination de l&rsquo;association est :<\/strong><\/span><\/p>\n<p style=\"text-align: justify; margin: 0cm 0cm 0pt; mso-layout-grid-align: none;\"><span style=\"font-size: 14pt; color: #808000; font-family: 'arial black', sans-serif;\"><strong>\u00ab\u00a0Un enfant, Un cartable,\u00a0Association Jean-Louis Baroin\u00a0\u00bb<\/strong><\/span><\/p>\n<p style=\"text-align: justify; margin: 0cm 0cm 0pt; mso-layout-grid-align: none;\"><span style=\"font-size: 14pt; color: #808000; font-family: 'arial black', sans-serif;\">\u00a0<br style=\"mso-column-break-before: always;\" \/><br \/>\n<\/span><\/p>\n<p style=\"text-align: justify; margin: 0cm 0cm 0pt; mso-layout-grid-align: none;\"><span style=\"font-size: 14pt; color: #808000; font-family: 'arial black', sans-serif;\"><strong><span style=\"text-decoration: underline;\">Article 4 &#8211; Si\u00e8ge<\/span><\/strong><\/span><\/p>\n<p style=\"text-align: justify; margin: 0cm 0cm 0pt; mso-layout-grid-align: none;\"><span style=\"font-size: 14pt; color: #808000; font-family: 'arial black', sans-serif;\"><strong>Le si\u00e8ge de l&rsquo;association est fix\u00e9 au 7, rue du Clair Matin. 17137 Nieul\/Mer.<\/strong><\/span><\/p>\n<p style=\"text-align: justify; margin: 0cm 0cm 0pt; mso-layout-grid-align: none;\"><span style=\"font-family: 'arial black', sans-serif; font-size: 14pt; color: #808000;\"><strong>Il pourra \u00eatre transf\u00e9r\u00e9 en tout autre endroit du m\u00eame d\u00e9partement par simple d\u00e9cision\u00a0du conseil d&rsquo;administration et, dans un autre d\u00e9partement, par d\u00e9cision de l&rsquo;assembl\u00e9e g\u00e9n\u00e9rale extraordinaire des soci\u00e9taires<\/strong>.<\/span><\/p>\n<p style=\"text-align: justify; margin: 0cm 0cm 0pt; mso-layout-grid-align: none;\"><span style=\"font-family: 'arial black', sans-serif; font-size: 14pt; color: #808000;\">\u00a0<\/span><\/p>\n<p style=\"text-align: justify; margin: 0cm 0cm 0pt; mso-layout-grid-align: none;\"><span style=\"font-size: 14pt; color: #808000; font-family: 'arial black', sans-serif;\"><strong><span style=\"text-decoration: underline;\"><span style=\"text-decoration: underline;\">Article 5 &#8211; Dur\u00e9e<\/span><\/span><\/strong><\/span><\/p>\n<p style=\"text-align: justify; margin: 0cm 0cm 0pt; mso-layout-grid-align: none;\"><span style=\"font-size: 14pt; color: #808000; font-family: 'arial black', sans-serif;\"><strong>La dur\u00e9e de l&rsquo;association est illimit\u00e9e.<\/strong><\/span><\/p>\n<p style=\"text-align: justify; margin: 0cm 0cm 0pt; mso-layout-grid-align: none;\"><span style=\"color: #808000; font-size: 14pt; font-family: 'arial black', sans-serif;\"><strong>\u00a0<\/strong><\/span><\/p>\n<p style=\"text-align: justify; margin: 0cm 0cm 0pt; mso-layout-grid-align: none;\"><span style=\"color: #808000; font-size: 14pt; font-family: 'arial black', sans-serif;\"><strong><span style=\"text-decoration: underline;\"><span style=\"text-decoration: underline;\">Article 6 &#8211; Membres<\/span><\/span><\/strong><\/span><\/p>\n<p style=\"text-align: justify; margin: 0cm 0cm 0pt; mso-layout-grid-align: none;\"><span style=\"color: #808000; font-size: 14pt; font-family: 'arial black', sans-serif;\"><strong>L\u2019association est compos\u00e9e de membres actifs.<\/strong><\/span><\/p>\n<p style=\"text-align: justify; margin: 0cm 0cm 0pt; mso-layout-grid-align: none;\"><span style=\"color: #808000; font-size: 14pt; font-family: 'arial black', sans-serif;\"><strong>Sont membres actifs pour une dur\u00e9e de six ans les personnes physiques ou morales qui ont pay\u00e9 la cotisation minimale fix\u00e9e par la derni\u00e8re assembl\u00e9e g\u00e9n\u00e9rale pr\u00e9c\u00e9dent leur adh\u00e9sion (ou par le conseil d\u2019administration pour les personnes morales) ou se sont engag\u00e9es \u00e0 l\u2019acquitter par sixi\u00e8mes annuels.<\/strong><\/span><\/p>\n<p style=\"text-align: justify; margin: 0cm 0cm 0pt; mso-layout-grid-align: none;\"><span style=\"font-family: 'arial black', sans-serif; color: #808000; font-size: 14pt;\">\u00a0<\/span><\/p>\n<p style=\"text-align: justify; margin: 0cm 0cm 0pt; mso-layout-grid-align: none;\"><span style=\"font-size: 14pt; color: #808000; font-family: 'arial black', sans-serif;\"><strong><span style=\"text-decoration: underline;\">Article 7 &#8211; D\u00e9mission \u2013 Radiation<\/span><\/strong><\/span><\/p>\n<p style=\"text-align: justify; margin: 0cm 0cm 0pt; mso-layout-grid-align: none;\"><span style=\"color: #808000; font-size: 14pt; font-family: 'arial black', sans-serif;\"><strong>La qualit\u00e9 de membre se perd par la d\u00e9mission (celle-ci ne pouvant intervenir qu\u2019apr\u00e8s r\u00e8glement du solde \u00e9ventuel de la cotisation sexennale)\u00a0; le d\u00e9c\u00e8s\u00a0; la radiation prononc\u00e9e par l\u2019assembl\u00e9e g\u00e9n\u00e9rale pour non respect de l\u2019engagement financier \u00e0 la date de l\u2019assembl\u00e9e g\u00e9n\u00e9rale sans motif reconnu valable, pour comportement contraire \u00e0 l\u2019\u00e9thique humaniste ou pr\u00e9judiciable \u00e0 l\u2019image ou au bon fonctionnement de l\u2019association.<\/strong><\/span><\/p>\n<p style=\"text-align: justify; margin: 0cm 0cm 0pt; mso-layout-grid-align: none;\"><span style=\"font-family: 'arial black', sans-serif; color: #808000; font-size: 14pt;\"><strong>Le membre int\u00e9ress\u00e9 est pr\u00e9alablement appel\u00e9 \u00e0 fournir des explications \u00e9crites ou orales<\/strong>.<\/span><\/p>\n<p style=\"text-align: justify; margin: 0cm 0cm 0pt; mso-layout-grid-align: none;\"><span style=\"font-family: 'arial black', sans-serif; font-size: 14pt;\">\u00a0<\/span><\/p>\n<p style=\"text-align: justify; margin: 0cm 0cm 0pt; mso-layout-grid-align: none;\"><span style=\"color: #993300; font-family: 'arial black', sans-serif; font-size: 14pt;\"><strong>\u00a0<span style=\"text-decoration: underline;\">II &#8211; ADMINISTRATION ET FONCTIONNEMENT<\/span><\/strong><\/span><\/p>\n<p style=\"text-align: justify; margin: 0cm 0cm 0pt; mso-layout-grid-align: none;\"><span style=\"font-size: 14pt; color: #808000; font-family: 'arial black', sans-serif;\"><strong><span style=\"text-decoration: underline;\"><span style=\"text-decoration: underline;\">Article 7 \u2013 Modalit\u00e9s d\u2019action<\/span><\/span><\/strong><\/span><\/p>\n<p style=\"margin: 0cm 0cm 0pt; text-align: left;\"><span style=\"font-size: 14pt; color: #808000; font-family: 'arial black', sans-serif;\"><strong>Il est entendu que 80% des ressources de l\u2019association sont affect\u00e9es directement, \u00e0 l\u2019aide \u00e0 la scolarisation des enfants vis\u00e9s \u00e0 l\u2019article 2.<\/strong><\/span><\/p>\n<p style=\"text-align: justify; margin: 0cm 0cm 0pt; mso-layout-grid-align: none;\"><span style=\"font-size: 14pt; color: #808000; font-family: 'arial black', sans-serif;\"><strong>D\u2019autre part, l\u2019action sur le terrain privil\u00e9gie fortement l\u2019aide directe, mat\u00e9rielle et financi\u00e8re, \u00e0 la scolarisation (fournitures scolaires, mobilier ou \u00e9quipement, prise en charge des participations financi\u00e8res \u00e9ventuelles, etc.). La part des actions indirectes (actions de formation ou de communication, par exemple) ne doit pas d\u00e9passer 15% des sommes<span style=\"mso-spacerun: yes;\">\u00a0<\/span> engag\u00e9es sur le terrain. Par ailleurs, les achats de fournitures scolaires, de mobilier ou d\u2019\u00e9quipement sont effectu\u00e9s au maximum dans le pays aid\u00e9 et dans le respect le plus rigoureux possible des r\u00e8gles du \u00ab\u00a0commerce \u00e9quitable\u00a0\u00bb. Enfin, l\u2019association proc\u00e8de p\u00e9riodiquement \u00e0 des inspections sur place afin de v\u00e9rifier le bon usage des sommes ainsi utilis\u00e9es. Elle peut d\u00e9l\u00e9guer ces inspections \u00e0 une autre association membre de la F\u00e9d\u00e9ration ou \u00e0 la F\u00e9d\u00e9ration elle-m\u00eame.<\/strong><\/span><\/p>\n<p style=\"text-align: justify; margin: 0cm 0cm 0pt; mso-layout-grid-align: none;\"><span style=\"font-family: 'arial black', sans-serif; font-size: 14pt; color: #808000;\">\u00a0<\/span><\/p>\n<p style=\"text-align: justify; margin: 0cm 0cm 0pt; mso-layout-grid-align: none;\"><span style=\"color: #808000; font-size: 14pt; font-family: 'arial black', sans-serif;\"><strong><span style=\"text-decoration: underline;\">Article 9 &#8211; Conseil d&rsquo;Administration et bureau<\/span><\/strong><\/span><\/p>\n<p style=\"text-align: justify; margin: 0cm 0cm 0pt; mso-layout-grid-align: none;\"><span style=\"font-size: 14pt; color: #808000; font-family: 'arial black', sans-serif;\"><strong>L&rsquo;association est administr\u00e9e par un Conseil dont le nombre des membres est compris entre 3 membres au moins et 11 membres au plus.\u00a0\u00a0<\/strong><\/span><\/p>\n<p style=\"text-align: justify; margin: 0cm 0cm 0pt; mso-layout-grid-align: none;\"><span style=\"font-size: 14pt; color: #808000; font-family: 'arial black', sans-serif;\"><strong>Les membres du Conseil sont \u00e9lus pour 6 ans par l&rsquo;Assembl\u00e9e G\u00e9n\u00e9rale.<\/strong><\/span><\/p>\n<p style=\"text-align: justify; margin: 0cm 0cm 0pt; mso-layout-grid-align: none;\"><span style=\"font-size: 14pt; color: #808000; font-family: 'arial black', sans-serif;\"><strong>\u00a0<\/strong><\/span><\/p>\n<p style=\"text-align: justify; margin: 0cm 0cm 0pt; mso-layout-grid-align: none;\"><span style=\"font-size: 14pt; color: #808000; font-family: 'arial black', sans-serif;\"><strong>En cas de vacance, le Conseil peut pourvoir provisoirement au remplacement de ses membres. Il est proc\u00e9d\u00e9 \u00e0 leur remplacement d\u00e9finitif par la plus prochaine assembl\u00e9e g\u00e9n\u00e9rale. Les pouvoirs des membres ainsi \u00e9lus prennent fin \u00e0 l&rsquo;\u00e9poque o\u00f9 devait normalement expirer le mandat des membres remplac\u00e9s.<\/strong><\/span><\/p>\n<p style=\"text-align: justify; margin: 0cm 0cm 0pt; mso-layout-grid-align: none;\"><span style=\"font-family: 'arial black', sans-serif; font-size: 14pt; color: #808000;\">\u00a0<\/span><\/p>\n<p style=\"text-align: justify; margin: 0cm 0cm 0pt; mso-layout-grid-align: none;\"><span style=\"font-size: 14pt; color: #808000; font-family: 'arial black', sans-serif;\"><strong>Le renouvellement du conseil a lieu par tiers tous les deux ans<span style=\"mso-spacerun: yes;\">\u00a0<\/span> \u00e0 l&rsquo;expiration de leurs mandats.<\/strong><\/span><\/p>\n<p style=\"text-align: justify; margin: 0cm 0cm 0pt; mso-layout-grid-align: none;\"><span style=\"font-size: 14pt; color: #808000; font-family: 'arial black', sans-serif;\"><strong>Les membres sortants sont r\u00e9\u00e9ligibles.<\/strong><\/span><\/p>\n<p style=\"text-align: justify; margin: 0cm 0cm 0pt; mso-layout-grid-align: none;\"><span style=\"color: #808000; font-size: 14pt; font-family: 'arial black', sans-serif;\"><strong>Les premiers administrateurs de l\u2019association verront leur mandat r\u00e9duit \u00e0 deux ans pour le premier tiers et \u00e0 quatre ans pour le second tiers, afin de permettre le renouvellement du conseil, par tiers, tous les deux ans.<\/strong><\/span><\/p>\n<p style=\"text-align: justify; margin: 0cm 0cm 0pt; mso-layout-grid-align: none;\"><span style=\"color: #808000; font-size: 14pt; font-family: 'arial black', sans-serif;\"><strong>\u00a0<\/strong><\/span><\/p>\n<p style=\"text-align: justify; margin: 0cm 0cm 0pt; mso-layout-grid-align: none;\"><span style=\"color: #808000; font-size: 14pt; font-family: 'arial black', sans-serif;\"><strong>Le conseil choisit parmi ses membres, un bureau compos\u00e9 d&rsquo;un Pr\u00e9sident, un vice-Pr\u00e9sident, un Secr\u00e9taire et un Tr\u00e9sorier.<\/strong><\/span><\/p>\n<p style=\"text-align: justify; margin: 0cm 0cm 0pt; mso-layout-grid-align: none;\"><span style=\"color: #808000; font-size: 14pt; font-family: 'arial black', sans-serif;\"><strong>\u00a0<\/strong><\/span><\/p>\n<p style=\"text-align: justify; margin: 0cm 0cm 0pt; mso-layout-grid-align: none;\"><span style=\"color: #808000; font-size: 14pt; font-family: 'arial black', sans-serif;\"><strong>Le bureau est \u00e9lu pour la dur\u00e9e du mandat d&rsquo;administrateur.<\/strong><\/span><\/p>\n<p style=\"text-align: justify; margin: 0cm 0cm 0pt; mso-layout-grid-align: none;\"><span style=\"color: #808000; font-size: 14pt; font-family: 'arial black', sans-serif;\"><strong>\u00a0<\/strong><\/span><\/p>\n<p style=\"text-align: justify; margin: 0cm 0cm 0pt; mso-layout-grid-align: none;\"><span style=\"color: #808000; font-size: 14pt; font-family: 'arial black', sans-serif;\"><strong>Le fonctionnement du Conseil d&rsquo;Administration est d\u00e9fini dans le r\u00e8glement int\u00e9rieur.<\/strong><\/span><\/p>\n<p style=\"text-align: justify; margin: 0cm 0cm 0pt; mso-layout-grid-align: none;\"><span style=\"font-family: 'arial black', sans-serif; font-size: 14pt;\"><strong><span style=\"color: #808000;\">En cas d\u2019absences r\u00e9p\u00e9t\u00e9es ou d\u2019un emp\u00eachement d\u2019exercer sa fonction, un membre du bureau peut \u00eatre consid\u00e9r\u00e9 comme d\u00e9missionnaire\u00a0 <\/span><span style=\"color: #99cc00;\"><span style=\"color: #808000;\">et le conseil pourvoit \u00e0 son remplacement si ce dernier a \u00e9t\u00e9 absent pendant plus de six r\u00e9unions cons\u00e9cutives ou de la moiti\u00e9 des r\u00e9unions du bureau ou du conseil,<\/span> <span style=\"color: #808000;\">d\u2019administration sur un exercice.<\/span><\/span><\/strong><\/span><\/p>\n<p style=\"text-align: justify; margin: 0cm 0cm 0pt; mso-layout-grid-align: none;\"><span style=\"font-size: 14pt; color: #808000; font-family: 'arial black', sans-serif;\"><strong>\u00a0<ins cite=\"mailto:o.giroudiere\" datetime=\"2010-10-07T08:57\"><\/ins><\/strong><\/span><\/p>\n<p style=\"text-align: justify; margin: 0cm 0cm 0pt; mso-layout-grid-align: none;\"><span style=\"font-family: 'arial black', sans-serif; color: #808000; font-size: 14pt;\"><strong><span style=\"text-decoration: underline;\">\u00a0Article 10 &#8211; R\u00e9union du Conseil<\/span><\/strong><\/span><\/p>\n<p style=\"text-align: justify; margin: 0cm 0cm 0pt; mso-layout-grid-align: none;\"><span style=\"font-size: 14pt; color: #808000; font-family: 'arial black', sans-serif;\"><strong>Le Conseil se r\u00e9unit une fois au moins tous les six mois et chaque fois qu&rsquo;il est convoqu\u00e9 par son pr\u00e9sident ou sur la demande du quart de ses membres.<\/strong><\/span><\/p>\n<p style=\"text-align: justify; margin: 0cm 0cm 0pt; mso-layout-grid-align: none;\"><span style=\"font-size: 14pt; color: #808000; font-family: 'arial black', sans-serif;\"><strong>\u00a0<\/strong><\/span><\/p>\n<p style=\"text-align: justify; margin: 0cm 0cm 0pt; mso-layout-grid-align: none;\"><span style=\"font-size: 14pt; color: #808000; font-family: 'arial black', sans-serif;\"><strong>La pr\u00e9sence du tiers au moins des membres du Conseil d&rsquo;Administration est n\u00e9cessaire pour la validit\u00e9 des d\u00e9lib\u00e9rations.<\/strong><\/span><\/p>\n<p style=\"text-align: justify; margin: 0cm 0cm 0pt; mso-layout-grid-align: none;\"><span style=\"font-size: 14pt; color: #808000; font-family: 'arial black', sans-serif;\"><strong>\u00a0<\/strong><\/span><\/p>\n<p style=\"text-align: justify; margin: 0cm 0cm 0pt; mso-layout-grid-align: none;\"><span style=\"font-size: 14pt; color: #808000; font-family: 'arial black', sans-serif;\"><strong>Les d\u00e9cisions sont prises \u00e0 la majorit\u00e9 des voix. En cas de partage, la voix du Pr\u00e9sident est pr\u00e9pond\u00e9rante.<\/strong><\/span><\/p>\n<p style=\"text-align: justify; margin: 0cm 0cm 0pt; mso-layout-grid-align: none;\"><span style=\"font-size: 14pt; color: #808000; font-family: 'arial black', sans-serif;\"><strong>\u00a0<\/strong><\/span><\/p>\n<p style=\"text-align: justify; margin: 0cm 0cm 0pt; mso-layout-grid-align: none;\"><span style=\"font-size: 14pt; color: #808000; font-family: 'arial black', sans-serif;\"><strong>Il est tenu un proc\u00e8s-verbal des s\u00e9ances.<\/strong><\/span><\/p>\n<p style=\"text-align: justify; margin: 0cm 0cm 0pt; mso-layout-grid-align: none;\"><span style=\"font-size: 14pt; color: #808000; font-family: 'arial black', sans-serif;\"><strong>Les proc\u00e8s-verbaux sont sign\u00e9s par le Pr\u00e9sident et le Secr\u00e9taire. Ils sont \u00e9tablis sans blancs, ni ratures, sur des feuilles num\u00e9rot\u00e9es et conserv\u00e9s au si\u00e8ge de l&rsquo;Association.<\/strong><\/span><\/p>\n<p style=\"text-align: justify; margin: 0cm 0cm 0pt; mso-layout-grid-align: none;\"><span style=\"font-family: 'arial black', sans-serif; font-size: 14pt; color: #808000;\">\u00a0<\/span><\/p>\n<p style=\"text-align: justify; margin: 0cm 0cm 0pt; mso-layout-grid-align: none;\"><span style=\"color: #808000; font-size: 14pt; font-family: 'arial black', sans-serif;\"><strong><span style=\"text-decoration: underline;\">Article 11 &#8211; Gratuit\u00e9 du mandat<\/span><\/strong><\/span><\/p>\n<p style=\"text-align: justify; margin: 0cm 0cm 0pt; mso-layout-grid-align: none;\"><span style=\"font-size: 14pt; color: #808000; font-family: 'arial black', sans-serif;\"><strong>Les membres du Conseil d&rsquo;Administration ne peuvent recevoir aucune r\u00e9tribution pour les fonctions qui leur sont confi\u00e9es.<\/strong><\/span><\/p>\n<p style=\"text-align: justify; margin: 0cm 0cm 0pt; mso-layout-grid-align: none;\"><span style=\"font-size: 14pt; color: #808000; font-family: 'arial black', sans-serif;\"><strong>\u00a0<\/strong><\/span><\/p>\n<p style=\"text-align: justify; margin: 0cm 0cm 0pt; mso-layout-grid-align: none;\"><span style=\"font-size: 14pt; color: #808000; font-family: 'arial black', sans-serif;\"><strong>Des remboursements de frais sont seuls possibles. Ils doivent faire l&rsquo;objet d&rsquo;une d\u00e9cision expresse du Conseil d&rsquo;Administration. Des justificatifs doivent \u00eatre produits qui font l&rsquo;objet de v\u00e9rifications.<\/strong><\/span><\/p>\n<p style=\"text-align: justify; margin: 0cm 0cm 0pt; mso-layout-grid-align: none;\"><span style=\"font-family: 'arial black', sans-serif; font-size: 14pt;\"><strong><span style=\"color: #99cc00;\">\u00a0<\/span><\/strong><\/span><\/p>\n<p style=\"text-align: justify; margin: 0cm 0cm 0pt; mso-layout-grid-align: none;\"><span style=\"font-size: 14pt; color: #808000; font-family: 'arial black', sans-serif;\"><strong>Les agents r\u00e9tribu\u00e9s de l&rsquo;association peuvent \u00eatre appel\u00e9s par le Pr\u00e9sident \u00e0 assister, avec voix consultative, aux s\u00e9ances de l&rsquo;Assembl\u00e9e G\u00e9n\u00e9rale et du Conseil d&rsquo;Administration.<\/strong><\/span><\/p>\n<p style=\"text-align: justify; margin: 0cm 0cm 0pt; mso-layout-grid-align: none;\"><span style=\"font-size: 14pt; color: #808000; font-family: 'arial black', sans-serif;\"><strong>\u00a0<\/strong><\/span><\/p>\n<p style=\"text-align: justify; margin: 0cm 0cm 0pt; mso-layout-grid-align: none;\"><span style=\"font-size: 14pt; color: #808000; font-family: 'arial black', sans-serif;\"><strong>Tout tiers ext\u00e9rieur peut \u00e9galement participer \u00e0 ces r\u00e9unions, avec voix consultative, \u00e0 la demande du Pr\u00e9sident.<\/strong><\/span><\/p>\n<p style=\"text-align: justify; margin: 0cm 0cm 0pt; mso-layout-grid-align: none;\"><span style=\"font-family: 'arial black', sans-serif; font-size: 14pt; color: #808000;\">\u00a0<\/span><\/p>\n<p style=\"text-align: justify; margin: 0cm 0cm 0pt; mso-layout-grid-align: none;\"><span style=\"font-family: 'arial black', sans-serif; color: #808000; font-size: 14pt;\"><strong><span style=\"text-decoration: underline;\">Article 12 &#8211; Assembl\u00e9e G\u00e9n\u00e9rale<\/span><\/strong><\/span><\/p>\n<p style=\"text-align: justify; margin: 0cm 0cm 0pt; mso-layout-grid-align: none;\"><span style=\"font-size: 14pt; color: #808000; font-family: 'arial black', sans-serif;\"><strong>L&rsquo;Assembl\u00e9e G\u00e9n\u00e9rale de l&rsquo;association comprend les membres de l&rsquo;association.<\/strong><\/span><\/p>\n<p style=\"text-align: justify; margin: 0cm 0cm 0pt; mso-layout-grid-align: none;\"><span style=\"font-size: 14pt; color: #808000; font-family: 'arial black', sans-serif;\"><strong>\u00a0<\/strong><\/span><\/p>\n<p style=\"text-align: justify; margin: 0cm 0cm 0pt; mso-layout-grid-align: none;\"><span style=\"font-size: 14pt; color: #808000; font-family: 'arial black', sans-serif;\"><strong>Elle se r\u00e9unit au moins une fois par an et chaque fois qu&rsquo;elle est convoqu\u00e9e par le Conseil d&rsquo;Administration ou sur la demande de la moiti\u00e9 au moins de ses membres.<\/strong><\/span><\/p>\n<p style=\"text-align: justify; margin: 0cm 0cm 0pt; mso-layout-grid-align: none;\"><span style=\"font-size: 14pt; color: #808000; font-family: 'arial black', sans-serif;\"><strong>\u00a0<\/strong><\/span><\/p>\n<p style=\"text-align: justify; margin: 0cm 0cm 0pt; mso-layout-grid-align: none;\"><span style=\"font-size: 14pt; color: #808000; font-family: 'arial black', sans-serif;\"><strong>Son ordre du jour est fix\u00e9 par le Conseil d&rsquo;Administration.<\/strong><\/span><\/p>\n<p style=\"text-align: justify; margin: 0cm 0cm 0pt; mso-layout-grid-align: none;\"><span style=\"font-size: 14pt; color: #808000; font-family: 'arial black', sans-serif;\"><strong>\u00a0<\/strong><\/span><\/p>\n<p style=\"text-align: justify; margin: 0cm 0cm 0pt; mso-layout-grid-align: none;\"><span style=\"font-size: 14pt; color: #808000; font-family: 'arial black', sans-serif;\"><strong>L&rsquo;Assembl\u00e9e doit se composer du quart au moins des membres en exercice, pr\u00e9sents ou repr\u00e9sent\u00e9s. Si cette proportion n&rsquo;est pas atteinte, l&rsquo;Assembl\u00e9e est convoqu\u00e9e de nouveau, mais \u00e0 quinze jours au moins d&rsquo;intervalle, et cette fois, elle peut valablement d\u00e9lib\u00e9rer quel que soit le nombre des membres pr\u00e9sents.<\/strong><\/span><\/p>\n<p style=\"text-align: justify; margin: 0cm 0cm 0pt; mso-layout-grid-align: none;\"><span style=\"font-size: 14pt; color: #808000; font-family: 'arial black', sans-serif;\"><strong>\u00a0<\/strong><\/span><\/p>\n<p style=\"text-align: justify; margin: 0cm 0cm 0pt; mso-layout-grid-align: none;\"><span style=\"font-size: 14pt; color: #808000; font-family: 'arial black', sans-serif;\"><strong>Elle choisit son bureau qui peut \u00eatre celui du Conseil d&rsquo;Administration.<\/strong><\/span><\/p>\n<p style=\"text-align: justify; margin: 0cm 0cm 0pt; mso-layout-grid-align: none;\"><span style=\"font-size: 14pt; color: #808000; font-family: 'arial black', sans-serif;\"><strong>\u00a0<\/strong><\/span><\/p>\n<p style=\"text-align: justify; margin: 0cm 0cm 0pt; mso-layout-grid-align: none;\"><span style=\"font-size: 14pt; color: #808000; font-family: 'arial black', sans-serif;\"><strong>Elle entend les rapports sur la gestion du Conseil d&rsquo;Administration, sur la situation financi\u00e8re et morale de l&rsquo;Association.<\/strong><\/span><\/p>\n<p style=\"text-align: justify; margin: 0cm 0cm 0pt; mso-layout-grid-align: none;\"><span style=\"font-size: 14pt; color: #808000; font-family: 'arial black', sans-serif;\"><strong>\u00a0<\/strong><\/span><\/p>\n<p style=\"text-align: justify; margin: 0cm 0cm 0pt; mso-layout-grid-align: none;\"><span style=\"color: #808000; font-size: 14pt; font-family: 'arial black', sans-serif;\"><strong>Elle approuve les comptes de l&rsquo;exercice clos, vote le budget de l&rsquo;exercice suivant, d\u00e9lib\u00e8re sur les questions mises \u00e0 l&rsquo;ordre du jour et pourvoit, s&rsquo;il y a lieu, au renouvellement des membres du Conseil d&rsquo;Administration.<\/strong><\/span><\/p>\n<p style=\"text-align: justify; margin: 0cm 0cm 0pt; mso-layout-grid-align: none;\"><span style=\"font-family: 'arial black', sans-serif; color: #808000; font-size: 14pt;\">\u00a0<\/span><\/p>\n<p style=\"text-align: justify; margin: 0cm 0cm 0pt; mso-layout-grid-align: none;\"><span style=\"color: #808000; font-size: 14pt; font-family: 'arial black', sans-serif;\"><strong>Le rapport annuel et les comptes sont, chaque ann\u00e9e, mis \u00e0 la disposition de tous les membres de l&rsquo;Association.<\/strong><\/span><\/p>\n<p style=\"text-align: justify; margin: 0cm 0cm 0pt; mso-layout-grid-align: none;\"><span style=\"color: #808000; font-size: 14pt; font-family: 'arial black', sans-serif;\"><strong>\u00a0<\/strong><\/span><\/p>\n<p style=\"text-align: justify; margin: 0cm 0cm 0pt; mso-layout-grid-align: none;\"><span style=\"color: #808000; font-size: 14pt; font-family: 'arial black', sans-serif;\"><strong>Toutes les d\u00e9lib\u00e9rations de l&rsquo;Assembl\u00e9e G\u00e9n\u00e9rale annuelle sont prises \u00e0 la majorit\u00e9 absolue des membres pr\u00e9sents.<\/strong><\/span><\/p>\n<p style=\"text-align: justify; margin: 0cm 0cm 0pt; mso-layout-grid-align: none;\"><span style=\"color: #808000; font-size: 14pt; font-family: 'arial black', sans-serif;\"><strong>\u00a0<\/strong><\/span><\/p>\n<p style=\"text-align: justify; margin: 0cm 0cm 0pt; mso-layout-grid-align: none;\"><span style=\"color: #808000; font-size: 14pt; font-family: 'arial black', sans-serif;\"><strong>Sauf application des dispositions de l&rsquo;article pr\u00e9c\u00e9dent, les agents r\u00e9tribu\u00e9s de l&rsquo;Association n&rsquo;ont pas acc\u00e8s \u00e0 l&rsquo;Assembl\u00e9e G\u00e9n\u00e9rale.<\/strong><\/span><\/p>\n<p style=\"text-align: justify; margin: 0cm 0cm 0pt; mso-layout-grid-align: none;\"><span style=\"color: #808000; font-size: 14pt; font-family: 'arial black', sans-serif;\"><strong>\u00a0<\/strong><\/span><\/p>\n<p style=\"text-align: justify; margin: 0cm 0cm 0pt; mso-layout-grid-align: none;\"><span style=\"color: #808000; font-size: 14pt; font-family: 'arial black', sans-serif;\"><strong>Chaque membre dispose d&rsquo;une voix.\u00a0\u00a0<\/strong><\/span><\/p>\n<p style=\"text-align: justify; margin: 0cm 0cm 0pt; mso-layout-grid-align: none;\"><span style=\"font-family: 'arial black', sans-serif; color: #808000; font-size: 14pt;\">\u00a0<\/span><\/p>\n<p style=\"text-align: justify; margin: 0cm 0cm 0pt; mso-layout-grid-align: none;\"><span style=\"font-family: 'arial black', sans-serif; color: #808000; font-size: 14pt;\"><strong><span style=\"text-decoration: underline;\">Article 13<\/span><\/strong><\/span><\/p>\n<p style=\"text-align: justify; margin: 0cm 0cm 0pt; mso-layout-grid-align: none;\"><span style=\"font-family: 'arial black', sans-serif; font-size: 14pt;\"><strong><span style=\"color: #99cc00;\"><span style=\"color: #808000;\">Le Pr\u00e9sident, le cas \u00e9ch\u00e9ant, le ou les vices pr\u00e9sidents\u00a0repr\u00e9sentent l&rsquo;Association dans tous les actes de la vie civile. A titre exceptionnel, lors de missions, le pr\u00e9sident est habilit\u00e9 \u00e0 ordonner des d\u00e9penses d&rsquo;un montant de 1000 (mille) euros par exercice. Il peut donner d\u00e9l\u00e9gation dans des conditions qui sont fix\u00e9es par le r\u00e8glement int\u00e9rieur.\u00a0Il ordonnance les d\u00e9penses. Il peut donner d\u00e9l\u00e9gation dans des conditions qui sont fix\u00e9es par le r\u00e8glement int\u00e9rieur.<\/span><\/span><\/strong><\/span><\/p>\n<p style=\"text-align: justify; margin: 0cm 0cm 0pt; mso-layout-grid-align: none;\"><span style=\"color: #808000; font-size: 14pt; font-family: 'arial black', sans-serif;\"><strong>En cas de repr\u00e9sentation en justice, le Pr\u00e9sident ne peut \u00eatre remplac\u00e9 que\u00a0par un mandataire agissant en vertu d&rsquo;une procuration sp\u00e9ciale.<\/strong><\/span><\/p>\n<p style=\"text-align: justify; margin: 0cm 0cm 0pt; mso-layout-grid-align: none;\"><span style=\"color: #808000; font-size: 14pt; font-family: 'arial black', sans-serif;\"><strong>Les repr\u00e9sentants de l&rsquo;Association doivent jouir du plein exercice de leurs droits civils.<\/strong><\/span><\/p>\n<p style=\"text-align: justify; margin: 0cm 0cm 0pt; mso-layout-grid-align: none;\"><span style=\"color: #808000; font-size: 14pt; font-family: 'arial black', sans-serif;\"><strong>\u00a0<\/strong><\/span><\/p>\n<p style=\"text-align: justify; margin: 0cm 0cm 0pt; mso-layout-grid-align: none;\"><span style=\"font-family: 'arial black', sans-serif; color: #808000; font-size: 14pt;\"><strong><span style=\"text-decoration: underline;\">Article 14<\/span><\/strong><\/span><\/p>\n<p style=\"text-align: justify; margin: 0cm 0cm 0pt; mso-layout-grid-align: none;\"><span style=\"color: #808000; font-size: 14pt; font-family: 'arial black', sans-serif;\"><strong>Les d\u00e9lib\u00e9rations du Conseil d&rsquo;Administration relatives aux acquisitions, \u00e9changes et ali\u00e9nations d&rsquo;immeubles n\u00e9cessaires au but poursuivi par l&rsquo;Association, constitutions d&rsquo;hypoth\u00e8ques sur lesdits immeubles, baux exc\u00e9dant neuf ann\u00e9es, ali\u00e9nations de biens rentrant dans la dotation et emprunts doivent \u00eatre approuv\u00e9s par l&rsquo;Assembl\u00e9e G\u00e9n\u00e9rale.<\/strong><\/span><\/p>\n<p style=\"text-align: justify; margin: 0cm 0cm 0pt; mso-layout-grid-align: none;\"><span style=\"color: #99cc00; font-family: 'arial black', sans-serif; font-size: 14pt;\">\u00a0<\/span><\/p>\n<p style=\"text-align: justify; margin: 0cm 0cm 0pt; mso-layout-grid-align: none;\"><span style=\"font-family: 'arial black', sans-serif; font-size: 14pt;\">\u00a0<span style=\"color: #993300;\"><strong><span style=\"text-decoration: underline;\">III &#8211; RESSOURCES ANNUELLES<\/span><\/strong><\/span><\/span><\/p>\n<p style=\"text-align: justify; margin: 0cm 0cm 0pt; mso-layout-grid-align: none;\"><span style=\"font-family: 'arial black', sans-serif; color: #808000; font-size: 14pt;\"><strong><span style=\"text-decoration: underline;\">Article 15<\/span><\/strong><\/span><\/p>\n<p style=\"text-align: justify; margin: 0cm 0cm 0pt; mso-layout-grid-align: none;\"><span style=\"font-size: 14pt; color: #808000; font-family: 'arial black', sans-serif;\"><strong>Les recettes annuelles de l&rsquo;Association se composent :<\/strong><\/span><\/p>\n<p style=\"text-align: justify; margin: 0cm 0cm 0pt; mso-layout-grid-align: none;\"><span style=\"font-size: 14pt; color: #808000; font-family: 'arial black', sans-serif;\"><strong>\u00a0<\/strong><\/span><\/p>\n<p style=\"text-align: justify; margin: 0cm 0cm 0pt; mso-layout-grid-align: none;\"><span style=\"font-size: 14pt; color: #808000; font-family: 'arial black', sans-serif;\"><strong><span style=\"mso-tab-count: 1;\">\u00a0\u00a0\u00a0\u00a0\u00a0\u00a0<\/span>1 \u00a0Du revenu de ses biens,<\/strong><\/span><\/p>\n<p style=\"text-align: justify; margin: 0cm 0cm 0pt; mso-layout-grid-align: none;\"><span style=\"font-size: 14pt; color: #808000; font-family: 'arial black', sans-serif;\"><strong>\u00a0<\/strong><\/span><\/p>\n<p style=\"text-align: justify; margin: 0cm 0cm 0pt; mso-layout-grid-align: none;\"><span style=\"font-size: 14pt; color: #808000; font-family: 'arial black', sans-serif;\"><strong><span style=\"mso-tab-count: 1;\">\u00a0\u00a0\u00a0\u00a0\u00a0\u00a0<\/span>2 \u00a0Des cotisations et souscriptions de ses membres,<\/strong><\/span><\/p>\n<p style=\"text-align: justify; margin: 0cm 0cm 0pt; mso-layout-grid-align: none;\"><span style=\"font-size: 14pt; color: #808000; font-family: 'arial black', sans-serif;\"><strong>\u00a0<\/strong><\/span><\/p>\n<p style=\"text-align: justify; margin: 0cm 0cm 0pt; mso-layout-grid-align: none;\"><span style=\"font-size: 14pt; color: #808000; font-family: 'arial black', sans-serif;\"><strong><span style=\"mso-tab-count: 1;\">\u00a0\u00a0\u00a0\u00a0\u00a0\u00a0<\/span>3 Des subventions de l&rsquo;Etat, des d\u00e9partements, des communes et \u00a0 \u00a0 \u00a0 \u00a0 \u00a0 \u00a0 \u00a0 des\u00a0<\/strong><\/span><span style=\"font-size: 14pt; color: #808000; font-family: 'arial black', sans-serif;\"><strong>\u00e9tablissements publics,<\/strong><\/span><\/p>\n<p style=\"text-align: justify; margin: 0cm 0cm 0pt; mso-layout-grid-align: none;\"><span style=\"font-size: 14pt; color: #808000; font-family: 'arial black', sans-serif;\"><strong>\u00a0<\/strong><\/span><\/p>\n<p style=\"text-align: justify; margin: 0cm 0cm 0pt; mso-layout-grid-align: none;\"><span style=\"font-size: 14pt; color: #808000; font-family: 'arial black', sans-serif;\"><strong><span style=\"mso-tab-count: 1;\">\u00a0 \u00a0 \u00a0 <\/span>4 \u00a0Du produit des r\u00e9tributions per\u00e7us pour service rendu.<\/strong><\/span><\/p>\n<p style=\"text-align: justify; margin: 0cm 0cm 0pt; mso-layout-grid-align: none;\"><span style=\"font-size: 14pt; color: #808000; font-family: 'arial black', sans-serif;\"><strong>\u00a0\u00a0<\/strong><\/span><\/p>\n<p style=\"text-align: justify; margin: 0cm 0cm 0pt; mso-layout-grid-align: none;\"><span style=\"font-size: 14pt; color: #808000; font-family: 'arial black', sans-serif;\"><strong>\u00a0 \u00a0 \u00a0 <\/strong><strong>5 Des dons faits par des particuliers, des entreprises ou d\u2019autres \u00a0 \u00a0 \u00a0 \u00a0 \u00a0 \u00a0 \u00a0 \u00a0associations.<\/strong><\/span><\/p>\n<p style=\"text-align: justify; margin: 0cm 0cm 0pt; mso-layout-grid-align: none;\"><span style=\"font-family: 'arial black', sans-serif; font-size: 14pt; color: #808000;\">\u00a0<\/span><\/p>\n<p style=\"text-align: justify; margin: 0cm 0cm 0pt; mso-layout-grid-align: none;\"><span style=\"font-family: 'arial black', sans-serif; color: #808000; font-size: 14pt;\"><strong><span style=\"text-decoration: underline;\">Article 16<\/span><\/strong><\/span><\/p>\n<p style=\"text-align: justify; margin: 0cm 0cm 0pt; mso-layout-grid-align: none;\"><span style=\"font-size: 14pt; color: #808000; font-family: 'arial black', sans-serif;\"><strong>Il est tenu une comptabilit\u00e9 faisant appara\u00eetre annuellement un bilan, un compte de r\u00e9sultat et une annexe, arr\u00eat\u00e9s au 31 D\u00e9cembre de chaque ann\u00e9e.<\/strong><\/span><\/p>\n<p style=\"text-align: justify; margin: 0cm 0cm 0pt; mso-layout-grid-align: none;\"><span style=\"font-family: 'arial black', sans-serif; font-size: 14pt;\"><strong><span style=\"color: #99cc00;\">\u00a0<\/span><\/strong><\/span><\/p>\n<p style=\"text-align: justify; margin: 0cm 0cm 0pt; mso-layout-grid-align: none;\"><span style=\"color: #808000; font-size: 14pt; font-family: 'arial black', sans-serif;\"><strong>Il est justifi\u00e9 chaque ann\u00e9e aupr\u00e8s de l&rsquo;autorit\u00e9 administrative du d\u00e9partement, de l&#8217;emploi des fonds provenant de toutes les subventions accord\u00e9es au cours de l&rsquo;exercice \u00e9coul\u00e9.<\/strong><\/span><\/p>\n<p style=\"text-align: justify; margin: 0cm 0cm 0pt; mso-layout-grid-align: none;\"><span style=\"font-family: 'arial black', sans-serif; font-size: 14pt;\"><strong>\u00a0<\/strong><\/span><\/p>\n<h2 style=\"margin: 0cm 0cm 0pt;\"><span style=\"font-size: 14pt; font-family: 'arial black', sans-serif; color: #993300;\"><strong><span style=\"text-decoration: underline;\">IV &#8211; MODIFICATION DES STATUTS ET DISSOLUTION<\/span><\/strong><\/span><\/h2>\n<h2 style=\"margin: 0cm 0cm 0pt;\"><span style=\"font-family: 'arial black', sans-serif; font-size: 14pt;\">\u00a0<\/span><\/h2>\n<p style=\"text-align: justify; margin: 0cm 0cm 0pt; mso-layout-grid-align: none;\"><span style=\"font-family: 'arial black', sans-serif; color: #808000; font-size: 14pt;\"><strong><span style=\"text-decoration: underline;\">Article 17<\/span><\/strong><\/span><\/p>\n<p style=\"text-align: justify; margin: 0cm 0cm 0pt; mso-layout-grid-align: none;\"><span style=\"font-size: 14pt; color: #808000; font-family: 'arial black', sans-serif;\"><strong>Les statuts peuvent \u00eatre modifi\u00e9s par l&rsquo;Assembl\u00e9e G\u00e9n\u00e9rale, sur la proposition du Conseil d&rsquo;Administration, ou sur la proposition du dixi\u00e8me des membres dont se compose l&rsquo;Assembl\u00e9e G\u00e9n\u00e9rale.<\/strong><\/span><\/p>\n<p style=\"text-align: justify; margin: 0cm 0cm 0pt; mso-layout-grid-align: none;\"><span style=\"font-size: 14pt; color: #808000; font-family: 'arial black', sans-serif;\"><strong>Dans l&rsquo;un et l&rsquo;autre cas, les propositions de modifications sont inscrites \u00e0 l&rsquo;ordre du jour de la prochaine Assembl\u00e9e G\u00e9n\u00e9rale, lequel doit \u00eatre envoy\u00e9 \u00e0 tous les membres de l&rsquo;Assembl\u00e9e au moins 15 jours \u00e0 l&rsquo;avance.<\/strong><\/span><\/p>\n<p style=\"text-align: justify; margin: 0cm 0cm 0pt; mso-layout-grid-align: none;\"><span style=\"font-size: 14pt; color: #808000; font-family: 'arial black', sans-serif;\"><strong>L&rsquo;Assembl\u00e9e doit se composer du quart au moins des membres en exercice. Si cette proportion n&rsquo;est pas atteinte, l&rsquo;Assembl\u00e9e est convoqu\u00e9e de nouveau, mais \u00e0 quinze jours au moins d&rsquo;intervalle, et cette fois, elle peut valablement d\u00e9lib\u00e9rer quel que soit le nombre des membres pr\u00e9sents.<\/strong><\/span><\/p>\n<p style=\"text-align: justify; margin: 0cm 0cm 0pt; mso-layout-grid-align: none;\"><span style=\"font-size: 14pt; color: #808000; font-family: 'arial black', sans-serif;\"><strong>\u00a0Dans tous les cas, les statuts ne peuvent \u00eatre modifi\u00e9s qu&rsquo;\u00e0 la majorit\u00e9 des deux tiers des membres pr\u00e9sents.<\/strong><\/span><\/p>\n<p style=\"text-align: justify; margin: 0cm 0cm 0pt; mso-layout-grid-align: none;\"><span style=\"font-family: 'arial black', sans-serif; font-size: 14pt; color: #808000;\">\u00a0<\/span><\/p>\n<p style=\"text-align: justify; margin: 0cm 0cm 0pt; mso-layout-grid-align: none;\"><span style=\"font-family: 'arial black', sans-serif; color: #808000; font-size: 14pt;\"><strong><span style=\"text-decoration: underline;\">Article 18<\/span><\/strong><\/span><\/p>\n<p style=\"text-align: justify; margin: 0cm 0cm 0pt; mso-layout-grid-align: none;\"><span style=\"font-size: 14pt; color: #808000; font-family: 'arial black', sans-serif;\"><strong>L&rsquo;Assembl\u00e9e G\u00e9n\u00e9rale, appel\u00e9e \u00e0 se prononcer sur la dissolution de l&rsquo;Association et convoqu\u00e9e sp\u00e9cialement \u00e0 cet effet, dans les conditions pr\u00e9vues \u00e0 l&rsquo;article pr\u00e9c\u00e9dent, doit comprendre, au moins, la moiti\u00e9 plus un des membres en exercice.<\/strong><\/span><\/p>\n<p style=\"text-align: justify; margin: 0cm 0cm 0pt; mso-layout-grid-align: none;\"><span style=\"font-size: 14pt; color: #808000; font-family: 'arial black', sans-serif;\"><strong>Si cette proportion n&rsquo;est pas atteinte, l&rsquo;Assembl\u00e9e est convoqu\u00e9e de nouveau, mais \u00e0 quinze jours au moins d&rsquo;intervalle, et cette fois, elle peut valablement d\u00e9lib\u00e9rer, quel que soit le nombre des membres pr\u00e9sents.<\/strong><\/span><\/p>\n<p style=\"text-align: justify; margin: 0cm 0cm 0pt; mso-layout-grid-align: none;\"><span style=\"font-size: 14pt; color: #808000; font-family: 'arial black', sans-serif;\"><strong>Dans tous les cas, la dissolution ne peut \u00eatre vot\u00e9e qu&rsquo;\u00e0 la majorit\u00e9 des deux tiers des membres pr\u00e9sents.<\/strong><\/span><\/p>\n<p style=\"text-align: justify; margin: 0cm 0cm 0pt; mso-layout-grid-align: none;\"><span style=\"font-family: 'arial black', sans-serif; font-size: 14pt; color: #808000;\">\u00a0<\/span><\/p>\n<p style=\"text-align: justify; margin: 0cm 0cm 0pt; mso-layout-grid-align: none;\"><span style=\"color: #808000; font-size: 14pt; font-family: 'arial black', sans-serif;\"><strong><span style=\"text-decoration: underline;\">Article 19<\/span><\/strong><\/span><\/p>\n<p style=\"text-align: justify; margin: 0cm 0cm 0pt; mso-layout-grid-align: none;\"><span style=\"font-family: 'arial black', sans-serif; font-size: 14pt;\"><strong><span style=\"color: #99cc00;\"><span style=\"color: #808000;\">En cas de dissolution, l&rsquo;Assembl\u00e9e G\u00e9n\u00e9rale d\u00e9signe un ou plusieurs commissaires charg\u00e9s de <\/span><span style=\"color: #808000;\">la liquidation des biens de l&rsquo;Association. Elle attribue l&rsquo;actif net \u00e0 un ou plusieurs \u00e9tablissements ana<\/span><span style=\"color: #808000;\">logues, publics, ou reconnus d&rsquo;utilit\u00e9 publique, ou \u00e0 des \u00e9tablissements vis\u00e9s \u00e0 l&rsquo;article 35 de la loi du 14 Janvier 1933.<\/span><\/span><\/strong><\/span><\/p>\n<p style=\"text-align: justify; margin: 0cm 0cm 0pt; mso-layout-grid-align: none;\"><span style=\"font-family: 'arial black', sans-serif; font-size: 14pt;\">\u00a0<\/span><\/p>\n<h2 style=\"margin: 0cm 0cm 0pt;\"><span style=\"font-family: 'arial black', sans-serif; font-size: 14pt; color: #993300;\"><strong><span style=\"text-decoration: underline;\">V &#8211; SURVEILLANCE ET REGLEMENT INTERIEUR<\/span><\/strong><\/span><\/h2>\n<h2 style=\"margin: 0cm 0cm 0pt;\"><span style=\"font-family: 'arial black', sans-serif; font-size: 14pt;\">\u00a0<\/span><\/h2>\n<p style=\"text-align: justify; margin: 0cm 0cm 0pt; mso-layout-grid-align: none;\"><span style=\"color: #808000; font-family: 'arial black', sans-serif; font-size: 14pt;\"><strong><span style=\"text-decoration: underline;\">Article 20<\/span><\/strong><\/span><\/p>\n<p style=\"text-align: justify; margin: 0cm 0cm 0pt; mso-layout-grid-align: none;\"><span style=\"color: #808000; font-size: 14pt; font-family: 'arial black', sans-serif;\"><strong>Le Pr\u00e9sident doit faire conna\u00eetre dans les trois mois, \u00e0 la Pr\u00e9fecture du d\u00e9partement ou \u00e0 la Sous-Pr\u00e9fecture de l&rsquo;arrondissement o\u00f9 l&rsquo;Association a son si\u00e8ge social, tous les changements survenus dans l&rsquo;administration ou la direction de l&rsquo;Association.<\/strong><\/span><\/p>\n<p style=\"text-align: justify; margin: 0cm 0cm 0pt; mso-layout-grid-align: none;\"><span style=\"color: #808000; font-size: 14pt; font-family: 'arial black', sans-serif;\"><strong>Les registres de l&rsquo;Association et ses pi\u00e8ces de comptabilit\u00e9 sont pr\u00e9sent\u00e9s sans d\u00e9placement, sur toute r\u00e9quisition de l&rsquo;autorit\u00e9 administrative.<\/strong><\/span><\/p>\n<p style=\"text-align: justify; margin: 0cm 0cm 0pt; mso-layout-grid-align: none;\"><span style=\"font-size: 14pt; font-family: 'arial black', sans-serif;\"><strong><span style=\"color: #99cc00;\">\u00a0<\/span><\/strong><\/span><\/p>\n<p style=\"text-align: justify; margin: 0cm 0cm 0pt; mso-layout-grid-align: none;\"><span style=\"color: #99cc00; font-family: 'arial black', sans-serif; font-size: 14pt;\"><strong><span style=\"text-decoration: underline;\"><span style=\"color: #808000; text-decoration: underline;\">A<\/span><span style=\"color: #808000; text-decoration: underline;\">rticle 21<\/span><\/span><\/strong><\/span><\/p>\n<p style=\"text-align: justify; margin: 0cm 0cm 0pt; mso-layout-grid-align: none;\"><span style=\"color: #808000; font-size: 14pt; font-family: 'arial black', sans-serif;\"><strong>Le r\u00e8glement int\u00e9rieur est pr\u00e9par\u00e9 par le Conseil d&rsquo;Administration et adopt\u00e9 par celui-ci qui peut le modifier \u00e0 la majorit\u00e9 des voix des membres composant le Conseil.<\/strong><\/span><\/p>\n<\/div>\n","protected":false},"excerpt":{"rendered":"<p>UN ENFANT, UN CARTABLE . Association Jean-Louis Baroin Association r\u00e9gie par la loi du 1er Juillet 1901 D\u00e9clar\u00e9e au JO du 08\/02\/2008 \u00a0\u00a0 Si\u00e8ge Social :\u00a07, rue du Clair Matin. 17137 Nieul\/Mer Correspondance:\u00a012 rue de la Cabane des P\u00e8res. 17340 Ch\u00e2telaillon-Plage \u00a0 \u00a0 \u00a0I &#8211; FORME &#8211; OBJET &#8211; DENOMINATION &#8211; SIEGE &#8211; DUREE Article [&hellip;]<\/p>\n","protected":false},"author":2,"featured_media":0,"parent":0,"menu_order":0,"comment_status":"open","ping_status":"open","template":"","meta":{"jetpack_post_was_ever_published":false,"footnotes":""},"class_list":["post-94","page","type-page","status-publish","hentry"],"jetpack_sharing_enabled":true,"jetpack_shortlink":"https:\/\/wp.me\/P5o8j7-1w","_links":{"self":[{"href":"http:\/\/www.unenfantuncartable17.fr\/index.php?rest_route=\/wp\/v2\/pages\/94","targetHints":{"allow":["GET"]}}],"collection":[{"href":"http:\/\/www.unenfantuncartable17.fr\/index.php?rest_route=\/wp\/v2\/pages"}],"about":[{"href":"http:\/\/www.unenfantuncartable17.fr\/index.php?rest_route=\/wp\/v2\/types\/page"}],"author":[{"embeddable":true,"href":"http:\/\/www.unenfantuncartable17.fr\/index.php?rest_route=\/wp\/v2\/users\/2"}],"replies":[{"embeddable":true,"href":"http:\/\/www.unenfantuncartable17.fr\/index.php?rest_route=%2Fwp%2Fv2%2Fcomments&post=94"}],"version-history":[{"count":17,"href":"http:\/\/www.unenfantuncartable17.fr\/index.php?rest_route=\/wp\/v2\/pages\/94\/revisions"}],"predecessor-version":[{"id":4919,"href":"http:\/\/www.unenfantuncartable17.fr\/index.php?rest_route=\/wp\/v2\/pages\/94\/revisions\/4919"}],"wp:attachment":[{"href":"http:\/\/www.unenfantuncartable17.fr\/index.php?rest_route=%2Fwp%2Fv2%2Fmedia&parent=94"}],"curies":[{"name":"wp","href":"https:\/\/api.w.org\/{rel}","templated":true}]}}