{"id":655,"date":"2015-01-28T16:01:42","date_gmt":"2015-01-28T15:01:42","guid":{"rendered":"http:\/\/www.unenfantuncartable17.fr\/?page_id=655"},"modified":"2017-06-19T14:10:48","modified_gmt":"2017-06-19T13:10:48","slug":"les-objectifs-du-millenaire-a-dakar","status":"publish","type":"page","link":"http:\/\/www.unenfantuncartable17.fr\/?page_id=655","title":{"rendered":"Les objectifs du Mill\u00e9naire \u00e0 Dakar"},"content":{"rendered":"<p><span style=\"color: #808000; font-family: 'arial black', sans-serif; font-size: 14pt;\"><strong>Lors du sommet des \u00ab\u00a0Objectifs du Mill\u00e9naire pour le D\u00e9veloppement\u00a0\u00bb en novembre 2010, les dirigeants du monde r\u00e9unis \u00e0 l&rsquo;ONU\u00a0ont propos\u00e9 un plan d&rsquo;action d&rsquo;ici 2015.<\/strong><\/span><\/p>\n<p><span style=\"color: #993300; font-family: 'arial black', sans-serif; font-size: 14pt;\"><strong>En mati\u00e8re de politique humanitaire, les interventions de l&rsquo;ONU\u00a0sont discutables.\u00a0Cette politique peut, en effet,\u00a0appara\u00eetre, dans certains cas,\u00a0comme une caution \u00e0 des op\u00e9rations militaires que nous ne saurions toutes\u00a0agr\u00e9er.<\/strong><\/span><\/p>\n<p><span style=\"color: #808000; font-family: 'arial black', sans-serif; font-size: 14pt;\"><strong>Ceci pos\u00e9,<span style=\"color: #808000; font-size: x-large;\">\u00a0<span style=\"font-size: 14pt;\">l&rsquo;action que notre association m\u00e8ne au S\u00e9n\u00e9gal<\/span><\/span>, rel\u00e8ve de\u00a0l&rsquo;objectif num\u00e9ro 2 des \u00ab\u00a0Objectifs du Mill\u00e9naire pour le d\u00e9veloppement\u00a0\u00bbsur l&rsquo;\u00e9ducation primaire pour tous.<\/strong><strong>\u00a0 Loin <span style=\"color: #993300;\">d<\/span><\/strong><span style=\"color: #993300;\"><strong>es d\u00e9clarations, elle se veut toutefois une\u00a0solidarit\u00e9 active, et perceptible par les habitants de l&rsquo;\u00eele de Mar Lodj.<\/strong><\/span><\/span><\/p>\n<p><span style=\"color: #808000; font-family: 'arial black', sans-serif; font-size: 14pt;\"><strong>Selon l&rsquo;ONU, \u00ab\u00a0la pauvret\u00e9 constitue le plus gros obstacle \u00e0 l\u2019\u00e9ducation, mais il existe aussi des barri\u00e8res sociales et culturelles.<span style=\"color: #993300;\"> Dans beaucoup de pays, l\u2019\u00e9ducation des filles et des enfants handicap\u00e9s est per\u00e7ue comme ayant moins de valeur, ce qui renforce un ph\u00e9nom\u00e8ne de marginalisation. \u00ab\u00a0<\/span><\/strong><\/span><\/p>\n<p><span style=\"color: #808000; font-family: 'arial black', sans-serif; font-size: 14pt;\"><strong>\u00ab\u00a0Pour arriver \u00e0 l\u2019\u00e9ducation primaire universelle,<span style=\"color: #993300;\"> il faut que tous les enfants du monde terminent le cycle primaire<\/span>. Les statistiques actuelles r\u00e9v\u00e8lent que l\u2019on est loin d\u2019atteindre cet objectif.\u00a0\u00bb<\/strong><\/span><\/p>\n<p><span style=\"font-family: 'arial black', sans-serif; font-size: 14pt;\"><strong><span style=\"color: #808000;\">\u00ab\u00a0Le fait d\u2019\u00eatre une fille, d&rsquo;\u00eatre pauvre ou de vivre dans un pays o\u00f9 un conflit fait rage repr\u00e9sente l\u2019un des trois facteurs les plus courants expliquant la non scolarisation des enfants.\u00a0\u00bb<\/span><\/strong><\/span><\/p>\n<p><span style=\"color: #808000; font-family: 'arial black', sans-serif;\"><strong>\u00ab\u00a0<span style=\"color: #808000; font-size: 14pt;\">L\u2019absence de financement pour l\u2019\u00e9ducation en situation de crise repr\u00e9sente l\u2019un des obstacles majeurs qui emp\u00eachent de rem\u00e9dier \u00e0 la situation. Seulement 2% de l\u2019aide humanitaire est allou\u00e9e \u00e0 l\u2019\u00e9ducation dans le monde.\u00a0\u00bb<\/span><\/strong><\/span><\/p>\n<p><span style=\"color: #993300; font-family: 'arial black', sans-serif; font-size: 14pt;\"><strong>\u00ab\u00a0L&rsquo;abolition des frais de scolarit\u00e9 en cycle primaire a entra\u00een\u00e9 une vague d&rsquo;inscriptions dans plusieurs pays.\u00a0\u00bb<\/strong><\/span><\/p>\n<p><span style=\"color: #808000; font-family: 'arial black', sans-serif; font-size: 14pt;\"><strong>L&rsquo;objectif de l&rsquo;ONU\u00a0tel qu&rsquo;il\u00a0se d\u00e9cline\u00a0:<\/strong><strong>\u00a0<\/strong><\/span><\/p>\n<p><span style=\"color: #993300; font-family: 'arial black', sans-serif; font-size: 14pt;\"><strong>\u00ab\u00a0D\u2019ici \u00e0 2015, donner \u00e0 tous les enfants, gar\u00e7ons et filles, partout dans le monde, les moyens d\u2019achever un cycle complet d\u2019\u00e9tudes primaires.<\/strong><\/span><\/p>\n<ul>\n<li><span style=\"color: #808000; font-family: 'arial black', sans-serif; font-size: 14pt;\"><strong>L\u2019Afrique subsaharienne vient en t\u00eate concernant l\u2019am\u00e9lioration des inscriptions dans le primaire.<\/strong><\/span><\/li>\n<li><span style=\"color: #808000; font-family: 'arial black', sans-serif; font-size: 14pt;\"><strong>Le fait d\u2019\u00eatre une fille, pauvre ou de vivre dans une zone de conflit accro\u00eet la probabilit\u00e9 que les enfants ne seront pas scolaris\u00e9s.<\/strong><\/span><\/li>\n<li><span style=\"color: #808000; font-family: 'arial black', sans-serif; font-size: 14pt;\"><strong>Les enfants r\u00e9fugi\u00e9s se heurtent \u00e0 des obstacles importants s\u2019ils veulent recevoir une \u00e9ducation.<\/strong><\/span><\/li>\n<li><span style=\"color: #808000; font-family: 'arial black', sans-serif; font-size: 14pt;\"><span style=\"color: #993300;\"><strong>La majorit\u00e9 des enfants non scolaris\u00e9s en Afrique subsaharienne ne p\u00e9n\u00e9treront jamais dans une salle de classe.\u00a0\u00bb<\/strong><\/span>\u00a0<\/span><\/li>\n<li><span style=\"color: #808000; font-family: 'arial black', sans-serif; font-size: 14pt;\"><strong>Site de l&rsquo;ONU <\/strong><strong>: <\/strong><a style=\"color: #808000;\" href=\"http:\/\/www.un.org\/fr\/millenniumgoals\/education.shtml\"><strong>http:\/\/www.un.org\/fr\/millenniumgoals\/education.shtml<\/strong><\/a>\u00a0<\/span><\/li>\n<li><span style=\"color: #808000; font-family: 'arial black', sans-serif; font-size: 14pt;\"><span style=\"color: #993300;\"><strong>Assurer l&rsquo;\u00e9ducation primaire pour tous : <\/strong><\/span><a style=\"color: #808000;\" href=\"http:\/\/www.un.org\/fr\/millenniumgoals\/pdf\/factgoal2.pdf\"><strong>http:\/\/www.un.org\/fr\/millenniumgoals\/pdf\/factgoal2.pdf<\/strong><\/a><\/span><\/li>\n<\/ul>\n","protected":false},"excerpt":{"rendered":"<p>Lors du sommet des \u00ab\u00a0Objectifs du Mill\u00e9naire pour le D\u00e9veloppement\u00a0\u00bb en novembre 2010, les dirigeants du monde r\u00e9unis \u00e0 l&rsquo;ONU\u00a0ont propos\u00e9 un plan d&rsquo;action d&rsquo;ici 2015. En mati\u00e8re de politique humanitaire, les interventions de l&rsquo;ONU\u00a0sont discutables.\u00a0Cette politique peut, en effet,\u00a0appara\u00eetre, dans certains cas,\u00a0comme une caution \u00e0 des op\u00e9rations militaires que nous ne saurions toutes\u00a0agr\u00e9er. Ceci [&hellip;]<\/p>\n","protected":false},"author":2,"featured_media":0,"parent":0,"menu_order":0,"comment_status":"open","ping_status":"open","template":"","meta":{"jetpack_post_was_ever_published":false,"footnotes":""},"class_list":["post-655","page","type-page","status-publish","hentry"],"jetpack_sharing_enabled":true,"jetpack_shortlink":"https:\/\/wp.me\/P5o8j7-az","_links":{"self":[{"href":"http:\/\/www.unenfantuncartable17.fr\/index.php?rest_route=\/wp\/v2\/pages\/655","targetHints":{"allow":["GET"]}}],"collection":[{"href":"http:\/\/www.unenfantuncartable17.fr\/index.php?rest_route=\/wp\/v2\/pages"}],"about":[{"href":"http:\/\/www.unenfantuncartable17.fr\/index.php?rest_route=\/wp\/v2\/types\/page"}],"author":[{"embeddable":true,"href":"http:\/\/www.unenfantuncartable17.fr\/index.php?rest_route=\/wp\/v2\/users\/2"}],"replies":[{"embeddable":true,"href":"http:\/\/www.unenfantuncartable17.fr\/index.php?rest_route=%2Fwp%2Fv2%2Fcomments&post=655"}],"version-history":[{"count":6,"href":"http:\/\/www.unenfantuncartable17.fr\/index.php?rest_route=\/wp\/v2\/pages\/655\/revisions"}],"predecessor-version":[{"id":3792,"href":"http:\/\/www.unenfantuncartable17.fr\/index.php?rest_route=\/wp\/v2\/pages\/655\/revisions\/3792"}],"wp:attachment":[{"href":"http:\/\/www.unenfantuncartable17.fr\/index.php?rest_route=%2Fwp%2Fv2%2Fmedia&parent=655"}],"curies":[{"name":"wp","href":"https:\/\/api.w.org\/{rel}","templated":true}]}}