{"id":5097,"date":"2025-12-11T20:20:51","date_gmt":"2025-12-11T19:20:51","guid":{"rendered":"http:\/\/www.unenfantuncartable17.fr\/?page_id=5097"},"modified":"2026-01-05T13:07:17","modified_gmt":"2026-01-05T12:07:17","slug":"vous-souhaitez-adherer","status":"publish","type":"page","link":"http:\/\/www.unenfantuncartable17.fr\/?page_id=5097","title":{"rendered":"Vous souhaitez adherer\u00a0?"},"content":{"rendered":"\n<table style=\"border-collapse: collapse; width: 100%;\">\n<tbody>\n<tr>\n<td style=\"width: 50%;\"><a href=\"http:\/\/www.unenfantuncartable17.fr\/wp-content\/uploads\/2013\/12\/Assist-2.jpg\"><img loading=\"lazy\" decoding=\"async\" class=\"size-full wp-image-240 alignleft\" src=\"http:\/\/www.unenfantuncartable17.fr\/wp-content\/uploads\/2013\/12\/Assist-2.jpg\" alt=\"\" width=\"300\" height=\"225\" \/><\/a><\/td>\n<td style=\"width: 50%; vertical-align: middle;\"><span style=\"font-size: 18pt; font-family: arial black, sans-serif; color: #993300; v-align: center;\"><strong>Gr\u00e2ce \u00e0 un engagement de 6 ans, vous pouvez accompagner un \u00e9l\u00e8ve pour toute la scolarit\u00e9 \u00e9l\u00e9mentaire.<\/strong><\/span><\/td>\n<\/tr>\n<\/tbody>\n<\/table>\n<p><span style=\"text-decoration: underline; font-size: 18pt; color: #808000; font-family: arial black, sans-serif;\"><strong>Vous \u00eates un particulier ?<\/strong><\/span><\/p>\n<p><span style=\"font-family: arial black, sans-serif;\"><strong><span style=\"color: #993300;\">Le co\u00fbt est de <span style=\"color: #808000;\">35 euros<\/span> par an, soit un total de 210 euros pour un engagement de 6 ans.<\/span><\/strong><\/span><br \/><span style=\"font-family: arial black, sans-serif;\"><strong><span style=\"color: #993300;\">Les dons sup\u00e9rieurs sont bienvenus.<\/span><\/strong><\/span><br \/><span style=\"font-family: arial black, sans-serif;\"><strong><span style=\"color: #993300;\">Apr\u00e8s la d\u00e9duction de l\u2019imp\u00f4t sur le revenu (66%), le co\u00fbt annuel est de <span style=\"color: #808000;\">11,90 euros<\/span>.<\/span><\/strong><\/span><\/p>\n<p><span style=\"text-decoration: underline; font-size: 18pt; font-family: arial black, sans-serif;\"><strong><span style=\"color: #808000; text-decoration: underline;\">Vous \u00eates une association ou une entreprise ?\u00a0<\/span><\/strong><\/span><\/p>\n<p><span style=\"font-family: arial black, sans-serif;\"><strong><span style=\"color: #993300;\">Le co\u00fbt est de <span style=\"color: #808000;\">70 euros<\/span> par an, soit un total de 420 euros pour un engagement de 6 ans.<\/span><\/strong><\/span><br \/><span style=\"font-family: arial black, sans-serif;\"><strong><span style=\"color: #993300;\">Apr\u00e8s la d\u00e9duction de l\u2019imp\u00f4t sur le revenu (66%), le co\u00fbt annuel est de <span style=\"color: #808000;\">23,80 euros<\/span>.<\/span><\/strong><\/span><\/p>\n<p><span style=\"font-family: arial black, sans-serif;\"><strong><span style=\"color: #808000;\">Vous pouvez bien s\u00fbr r\u00e9gler la totalit\u00e9 de votre engagement en une fois.<\/span><\/strong><\/span><\/p>\n<p><span style=\"font-family: arial black, sans-serif;\"><strong><span style=\"color: #993300;\">Pour une premi\u00e8re adh\u00e9sion, merci de t\u00e9l\u00e9charger ce <a href=\"http:\/\/www.unenfantuncartable17.fr\/wp-content\/uploads\/2025\/12\/adhesion.pdf\">Bulletin d&rsquo;adh\u00e9sion<\/a> et de le renvoyer ainsi que votre ch\u00e8que libell\u00e9 au nom de \u00ab\u00a0Un enfant, un cartable\u00a0\u00bb \u00e0 :\u00a0<\/span><\/strong><\/span><\/p>\n<p><span style=\"font-family: arial black, sans-serif;\"><span style=\"color: #808000;\"><strong>Jean-Claude BROSSARD, <\/strong><strong>12 rue de la Cabane des P\u00e8res,<br \/><\/strong><\/span><span style=\"color: #808000;\"><strong>17340 Ch\u00e2telaillon-Plage<\/strong><\/span><\/span><\/p>\n<p><span style=\"font-family: arial black, sans-serif;\"><strong><span style=\"color: #993300;\" data-wp-editing=\"1\">Vous pouvez aussi r\u00e9gler votre adh\u00e9sion avec <a href=\"https:\/\/www.helloasso.com\/associations\/un-enfant-un-cartable-17\/adhesions\/adhesion-2025\"><img loading=\"lazy\" decoding=\"async\" class=\"alignleft wp-image-5126 size-full\" src=\"http:\/\/www.unenfantuncartable17.fr\/wp-content\/uploads\/2025\/12\/hello-asso-petit.png\" alt=\"\" width=\"150\" height=\"35\" \/><\/a> \u00ab\u00a0Hello Asso\u00a0\u00bb, site de paiement s\u00e9curis\u00e9, en cliquant sur ce lien :<\/span><\/strong><\/span><\/p>\n<p><span style=\"font-family: arial black, sans-serif;\"><a href=\"https:\/\/www.helloasso.com\/associations\/un-enfant-un-cartable-17\/adhesions\/adhesionueuc17\"><strong>https:\/\/www.helloasso.com\/associations\/un-enfant-un-cartable-17\/adhesions\/adhesionueuc17<\/strong><\/a><\/span><\/p>\n","protected":false},"excerpt":{"rendered":"<p>Gr\u00e2ce \u00e0 un engagement de 6 ans, vous pouvez accompagner un \u00e9l\u00e8ve pour toute la scolarit\u00e9 \u00e9l\u00e9mentaire. Vous \u00eates un particulier ? Le co\u00fbt est de 35 euros par an, soit un total de 210 euros pour un engagement de 6 ans.Les dons sup\u00e9rieurs sont bienvenus.Apr\u00e8s la d\u00e9duction de l\u2019imp\u00f4t sur le revenu (66%), le [&hellip;]<\/p>\n","protected":false},"author":2,"featured_media":0,"parent":0,"menu_order":0,"comment_status":"closed","ping_status":"closed","template":"","meta":{"jetpack_post_was_ever_published":false,"footnotes":""},"class_list":["post-5097","page","type-page","status-publish","hentry"],"jetpack_sharing_enabled":true,"jetpack_shortlink":"https:\/\/wp.me\/P5o8j7-1kd","_links":{"self":[{"href":"http:\/\/www.unenfantuncartable17.fr\/index.php?rest_route=\/wp\/v2\/pages\/5097","targetHints":{"allow":["GET"]}}],"collection":[{"href":"http:\/\/www.unenfantuncartable17.fr\/index.php?rest_route=\/wp\/v2\/pages"}],"about":[{"href":"http:\/\/www.unenfantuncartable17.fr\/index.php?rest_route=\/wp\/v2\/types\/page"}],"author":[{"embeddable":true,"href":"http:\/\/www.unenfantuncartable17.fr\/index.php?rest_route=\/wp\/v2\/users\/2"}],"replies":[{"embeddable":true,"href":"http:\/\/www.unenfantuncartable17.fr\/index.php?rest_route=%2Fwp%2Fv2%2Fcomments&post=5097"}],"version-history":[{"count":32,"href":"http:\/\/www.unenfantuncartable17.fr\/index.php?rest_route=\/wp\/v2\/pages\/5097\/revisions"}],"predecessor-version":[{"id":5154,"href":"http:\/\/www.unenfantuncartable17.fr\/index.php?rest_route=\/wp\/v2\/pages\/5097\/revisions\/5154"}],"wp:attachment":[{"href":"http:\/\/www.unenfantuncartable17.fr\/index.php?rest_route=%2Fwp%2Fv2%2Fmedia&parent=5097"}],"curies":[{"name":"wp","href":"https:\/\/api.w.org\/{rel}","templated":true}]}}