{"id":1505,"date":"2018-01-25T10:02:15","date_gmt":"2018-01-25T09:02:15","guid":{"rendered":"http:\/\/www.unenfantuncartable17.fr\/?page_id=1505"},"modified":"2025-06-05T10:32:48","modified_gmt":"2025-06-05T09:32:48","slug":"faire-un-don","status":"publish","type":"page","link":"http:\/\/www.unenfantuncartable17.fr\/?page_id=1505","title":{"rendered":"Faire un don"},"content":{"rendered":"<p><span style=\"font-size: 14pt;\"><strong><span style=\"color: #993300;\"><span style=\"font-family: 'arial black', sans-serif;\">Si vous souhaitez aider nos actions, vous pouvez aussi faire un don.<\/span><\/span><\/strong><\/span><\/p>\n<p><span style=\"font-size: 14pt;\"><strong><span style=\"color: #808000;\"><span style=\"font-family: 'arial black', sans-serif;\">50 \u20ac<\/span><\/span><\/strong><\/span><\/p>\n<p><span style=\"font-size: 14pt;\"><strong><span style=\"color: #808000;\"><span style=\"font-family: 'arial black', sans-serif;\">100 \u20ac<\/span><\/span><\/strong><\/span><\/p>\n<p><span style=\"font-size: 14pt;\"><strong><span style=\"color: #808000;\"><span style=\"font-family: 'arial black', sans-serif;\">Plus<\/span><\/span><\/strong><\/span><\/p>\n<p><span style=\"font-size: 14pt; color: #808000;\"><span style=\"color: #993300; font-family: 'arial black', sans-serif;\">Ces dons sont d\u00e9fiscalisables l&rsquo;ann\u00e9e suivant le don.<\/span><\/span><strong><span style=\"font-size: 14pt; color: #808000;\"><span style=\"font-family: 'arial black', sans-serif;\"><span style=\"color: #993300;\">\u00a0<\/span><\/span><\/span><span style=\"font-size: 14pt; color: #808000;\"><span style=\"font-family: 'arial black', sans-serif;\">Une attestation est d\u00e9livr\u00e9e par l&rsquo;association.\u00a0<\/span><\/span><\/strong><\/p>\n<p><span style=\"font-size: 14pt;\"><strong><span style=\"font-family: 'arial black', sans-serif;\"><span style=\"color: #993300;\"><span style=\"text-decoration: underline;\">Ch\u00e8que \u00e0 renvoyer \u00e0 l&rsquo;ordre de<\/span> :\u00a0<\/span><\/span><\/strong><\/span><\/p>\n<p><span style=\"font-size: 14pt;\"><strong><span style=\"color: #808000;\"><span style=\"font-family: 'arial black', sans-serif;\">Un Enfant, un Cartable, association Jean-Louis Baroin.<\/span><\/span><\/strong><\/span><\/p>\n<p><span style=\"font-size: 14pt;\"><strong><span style=\"color: #808000;\"><span style=\"font-family: 'arial black', sans-serif;\">c\/o Jean-Claude Brossard<\/span><\/span><\/strong><\/span><\/p>\n<p><span style=\"font-size: 14pt;\"><strong><span style=\"color: #808000;\"><span style=\"font-family: 'arial black', sans-serif;\">12 rue Cabane des P\u00e8res<\/span><\/span><\/strong><\/span><\/p>\n<p><span style=\"font-size: 14pt;\"><strong><span style=\"color: #808000;\"><span style=\"font-family: 'arial black', sans-serif;\">17340 Ch\u00e2telaillon-Plage<\/span><\/span><\/strong><\/span><\/p>\n<p><span style=\"font-size: 14pt; color: #993300;\"><strong><span style=\"font-family: 'arial black', sans-serif;\">ou<\/span><\/strong><\/span><\/p>\n<p><span style=\"font-size: 14pt; color: #808000;\"><strong><span style=\"font-family: 'arial black', sans-serif;\">Louis Le Bl\u00e9vec<\/span><\/strong><\/span><\/p>\n<p><span style=\"font-family: 'arial black', sans-serif; color: #808000; font-size: 14pt;\">12 square des Martins P\u00eacheurs<\/span><\/p>\n<p><span style=\"font-family: 'arial black', sans-serif; color: #808000; font-size: 14pt;\">17000 La Rochelle<\/span><\/p>\n","protected":false},"excerpt":{"rendered":"<p>Si vous souhaitez aider nos actions, vous pouvez aussi faire un don. 50 \u20ac 100 \u20ac Plus Ces dons sont d\u00e9fiscalisables l&rsquo;ann\u00e9e suivant le don.\u00a0Une attestation est d\u00e9livr\u00e9e par l&rsquo;association.\u00a0 Ch\u00e8que \u00e0 renvoyer \u00e0 l&rsquo;ordre de :\u00a0 Un Enfant, un Cartable, association Jean-Louis Baroin. c\/o Jean-Claude Brossard 12 rue Cabane des P\u00e8res 17340 Ch\u00e2telaillon-Plage ou [&hellip;]<\/p>\n","protected":false},"author":2,"featured_media":0,"parent":0,"menu_order":0,"comment_status":"closed","ping_status":"closed","template":"","meta":{"jetpack_post_was_ever_published":false,"footnotes":""},"class_list":["post-1505","page","type-page","status-publish","hentry"],"jetpack_sharing_enabled":true,"jetpack_shortlink":"https:\/\/wp.me\/P5o8j7-oh","_links":{"self":[{"href":"http:\/\/www.unenfantuncartable17.fr\/index.php?rest_route=\/wp\/v2\/pages\/1505","targetHints":{"allow":["GET"]}}],"collection":[{"href":"http:\/\/www.unenfantuncartable17.fr\/index.php?rest_route=\/wp\/v2\/pages"}],"about":[{"href":"http:\/\/www.unenfantuncartable17.fr\/index.php?rest_route=\/wp\/v2\/types\/page"}],"author":[{"embeddable":true,"href":"http:\/\/www.unenfantuncartable17.fr\/index.php?rest_route=\/wp\/v2\/users\/2"}],"replies":[{"embeddable":true,"href":"http:\/\/www.unenfantuncartable17.fr\/index.php?rest_route=%2Fwp%2Fv2%2Fcomments&post=1505"}],"version-history":[{"count":11,"href":"http:\/\/www.unenfantuncartable17.fr\/index.php?rest_route=\/wp\/v2\/pages\/1505\/revisions"}],"predecessor-version":[{"id":4393,"href":"http:\/\/www.unenfantuncartable17.fr\/index.php?rest_route=\/wp\/v2\/pages\/1505\/revisions\/4393"}],"wp:attachment":[{"href":"http:\/\/www.unenfantuncartable17.fr\/index.php?rest_route=%2Fwp%2Fv2%2Fmedia&parent=1505"}],"curies":[{"name":"wp","href":"https:\/\/api.w.org\/{rel}","templated":true}]}}