{"id":1232,"date":"2017-03-14T13:08:25","date_gmt":"2017-03-14T12:08:25","guid":{"rendered":"http:\/\/www.unenfantuncartable17.fr\/?page_id=1232"},"modified":"2023-11-30T17:16:42","modified_gmt":"2023-11-30T16:16:42","slug":"journal-photos-de-la-mission-de-fevrier-2017","status":"publish","type":"page","link":"http:\/\/www.unenfantuncartable17.fr\/?page_id=1232","title":{"rendered":"Journal photos de la mission de f\u00e9vrier 2017"},"content":{"rendered":"<p style=\"text-align: left;\"><span style=\"font-family: 'arial black', sans-serif; font-size: 18pt; color: #993300;\"><strong>Voici quelques clich\u00e9s pris lors de la derni\u00e8re mission de printemps. \u00ab\u00a0Un enfant, un cartable\u00a0\u00bb, adresse, \u00e0 cette occasion, un amical salut \u00e0 Olivier Gu\u00e9rin, directeur du camp d&rsquo;Hakuna Matata, qui apr\u00e8s 11 ans \u00e0 la direction du camp a rejoint l&rsquo;Europe. Ce reportage qui commence avec son d\u00e9part en cal\u00e8che, lui est d\u00e9di\u00e9. <span style=\"font-size: 12pt;\">(cliquer sur les photos pour les agrandir)<\/span><\/strong><\/span><\/p>\n<div id=\"attachment_1235\" style=\"width: 310px\" class=\"wp-caption alignnone\"><a href=\"http:\/\/www.unenfantuncartable17.fr\/wp-content\/uploads\/2017\/03\/d\u00e9part-dOlivier.jpg\"><img loading=\"lazy\" decoding=\"async\" aria-describedby=\"caption-attachment-1235\" class=\"size-medium wp-image-1235\" src=\"http:\/\/www.unenfantuncartable17.fr\/wp-content\/uploads\/2017\/03\/d\u00e9part-dOlivier-300x199.jpg\" alt=\"\" width=\"300\" height=\"199\" srcset=\"http:\/\/www.unenfantuncartable17.fr\/wp-content\/uploads\/2017\/03\/d\u00e9part-dOlivier-300x199.jpg 300w, http:\/\/www.unenfantuncartable17.fr\/wp-content\/uploads\/2017\/03\/d\u00e9part-dOlivier-768x509.jpg 768w, http:\/\/www.unenfantuncartable17.fr\/wp-content\/uploads\/2017\/03\/d\u00e9part-dOlivier.jpg 900w\" sizes=\"auto, (max-width: 300px) 100vw, 300px\" \/><\/a><p id=\"caption-attachment-1235\" class=\"wp-caption-text\">Salut l&rsquo;ami !<\/p><\/div>\n<div id=\"attachment_1234\" style=\"width: 310px\" class=\"wp-caption alignleft\"><a href=\"http:\/\/www.unenfantuncartable17.fr\/wp-content\/uploads\/2017\/03\/bus.jpg\"><img loading=\"lazy\" decoding=\"async\" aria-describedby=\"caption-attachment-1234\" class=\"size-medium wp-image-1234\" src=\"http:\/\/www.unenfantuncartable17.fr\/wp-content\/uploads\/2017\/03\/bus-300x199.jpg\" alt=\"\" width=\"300\" height=\"199\" srcset=\"http:\/\/www.unenfantuncartable17.fr\/wp-content\/uploads\/2017\/03\/bus-300x199.jpg 300w, http:\/\/www.unenfantuncartable17.fr\/wp-content\/uploads\/2017\/03\/bus-768x509.jpg 768w, http:\/\/www.unenfantuncartable17.fr\/wp-content\/uploads\/2017\/03\/bus.jpg 900w\" sizes=\"auto, (max-width: 300px) 100vw, 300px\" \/><\/a><p id=\"caption-attachment-1234\" class=\"wp-caption-text\">Taxi collectif \u00e0 Dakar&#8230;<\/p><\/div>\n<div id=\"attachment_1239\" style=\"width: 310px\" class=\"wp-caption alignright\"><a href=\"http:\/\/www.unenfantuncartable17.fr\/wp-content\/uploads\/2017\/03\/arriv\u00e9e-\u00e0-Dakar-1.jpg\"><img loading=\"lazy\" decoding=\"async\" aria-describedby=\"caption-attachment-1239\" class=\"size-medium wp-image-1239\" src=\"http:\/\/www.unenfantuncartable17.fr\/wp-content\/uploads\/2017\/03\/arriv\u00e9e-\u00e0-Dakar-1-300x198.jpg\" alt=\"\" width=\"300\" height=\"198\" srcset=\"http:\/\/www.unenfantuncartable17.fr\/wp-content\/uploads\/2017\/03\/arriv\u00e9e-\u00e0-Dakar-1-300x198.jpg 300w, http:\/\/www.unenfantuncartable17.fr\/wp-content\/uploads\/2017\/03\/arriv\u00e9e-\u00e0-Dakar-1-768x508.jpg 768w, http:\/\/www.unenfantuncartable17.fr\/wp-content\/uploads\/2017\/03\/arriv\u00e9e-\u00e0-Dakar-1.jpg 903w\" sizes=\"auto, (max-width: 300px) 100vw, 300px\" \/><\/a><p id=\"caption-attachment-1239\" class=\"wp-caption-text\">&#8230;et ses embouteillages<\/p><\/div>\n<div id=\"attachment_1241\" style=\"width: 310px\" class=\"wp-caption alignright\"><a href=\"http:\/\/www.unenfantuncartable17.fr\/wp-content\/uploads\/2017\/03\/cahier-d\u00e9colier-de-Wandi\u00e9.jpg\"><img loading=\"lazy\" decoding=\"async\" aria-describedby=\"caption-attachment-1241\" class=\"size-medium wp-image-1241\" src=\"http:\/\/www.unenfantuncartable17.fr\/wp-content\/uploads\/2017\/03\/cahier-d\u00e9colier-de-Wandi\u00e9-300x199.jpg\" alt=\"\" width=\"300\" height=\"199\" srcset=\"http:\/\/www.unenfantuncartable17.fr\/wp-content\/uploads\/2017\/03\/cahier-d\u00e9colier-de-Wandi\u00e9-300x199.jpg 300w, http:\/\/www.unenfantuncartable17.fr\/wp-content\/uploads\/2017\/03\/cahier-d\u00e9colier-de-Wandi\u00e9-768x509.jpg 768w, http:\/\/www.unenfantuncartable17.fr\/wp-content\/uploads\/2017\/03\/cahier-d\u00e9colier-de-Wandi\u00e9.jpg 900w\" sizes=\"auto, (max-width: 300px) 100vw, 300px\" \/><\/a><p id=\"caption-attachment-1241\" class=\"wp-caption-text\">Cahier d&rsquo;\u00e9colier de Wandi\u00e9<\/p><\/div>\n<div id=\"attachment_1237\" style=\"width: 310px\" class=\"wp-caption alignleft\"><a href=\"http:\/\/www.unenfantuncartable17.fr\/wp-content\/uploads\/2017\/03\/Alioune-\u00e0-la-manoeuvre.jpg\"><img loading=\"lazy\" decoding=\"async\" aria-describedby=\"caption-attachment-1237\" class=\"size-medium wp-image-1237\" src=\"http:\/\/www.unenfantuncartable17.fr\/wp-content\/uploads\/2017\/03\/Alioune-\u00e0-la-manoeuvre-300x199.jpg\" alt=\"\" width=\"300\" height=\"199\" srcset=\"http:\/\/www.unenfantuncartable17.fr\/wp-content\/uploads\/2017\/03\/Alioune-\u00e0-la-manoeuvre-300x199.jpg 300w, http:\/\/www.unenfantuncartable17.fr\/wp-content\/uploads\/2017\/03\/Alioune-\u00e0-la-manoeuvre-768x509.jpg 768w, http:\/\/www.unenfantuncartable17.fr\/wp-content\/uploads\/2017\/03\/Alioune-\u00e0-la-manoeuvre.jpg 900w\" sizes=\"auto, (max-width: 300px) 100vw, 300px\" \/><\/a><p id=\"caption-attachment-1237\" class=\"wp-caption-text\">Changement d&rsquo;ambiance: arriv\u00e9e \u00e0 Wandi\u00e9<\/p><\/div>\n<div id=\"attachment_1249\" style=\"width: 310px\" class=\"wp-caption alignright\"><a href=\"http:\/\/www.unenfantuncartable17.fr\/wp-content\/uploads\/2017\/03\/l\u00e9quipe.jpg\"><img loading=\"lazy\" decoding=\"async\" aria-describedby=\"caption-attachment-1249\" class=\"size-medium wp-image-1249\" src=\"http:\/\/www.unenfantuncartable17.fr\/wp-content\/uploads\/2017\/03\/l\u00e9quipe-300x199.jpg\" alt=\"\" width=\"300\" height=\"199\" srcset=\"http:\/\/www.unenfantuncartable17.fr\/wp-content\/uploads\/2017\/03\/l\u00e9quipe-300x199.jpg 300w, http:\/\/www.unenfantuncartable17.fr\/wp-content\/uploads\/2017\/03\/l\u00e9quipe-768x509.jpg 768w, http:\/\/www.unenfantuncartable17.fr\/wp-content\/uploads\/2017\/03\/l\u00e9quipe.jpg 900w\" sizes=\"auto, (max-width: 300px) 100vw, 300px\" \/><\/a><p id=\"caption-attachment-1249\" class=\"wp-caption-text\">Une partie de l&rsquo;\u00e9quipe de Marsoulou<\/p><\/div>\n<div id=\"attachment_1253\" style=\"width: 310px\" class=\"wp-caption alignleft\"><a href=\"http:\/\/www.unenfantuncartable17.fr\/wp-content\/uploads\/2017\/03\/en-r\u00e9cr\u00e9ation.jpg\"><img loading=\"lazy\" decoding=\"async\" aria-describedby=\"caption-attachment-1253\" class=\"size-medium wp-image-1253\" src=\"http:\/\/www.unenfantuncartable17.fr\/wp-content\/uploads\/2017\/03\/en-r\u00e9cr\u00e9ation-300x267.jpg\" alt=\"\" width=\"300\" height=\"267\" srcset=\"http:\/\/www.unenfantuncartable17.fr\/wp-content\/uploads\/2017\/03\/en-r\u00e9cr\u00e9ation-300x267.jpg 300w, http:\/\/www.unenfantuncartable17.fr\/wp-content\/uploads\/2017\/03\/en-r\u00e9cr\u00e9ation-768x684.jpg 768w, http:\/\/www.unenfantuncartable17.fr\/wp-content\/uploads\/2017\/03\/en-r\u00e9cr\u00e9ation.jpg 900w\" sizes=\"auto, (max-width: 300px) 100vw, 300px\" \/><\/a><p id=\"caption-attachment-1253\" class=\"wp-caption-text\">En r\u00e9cr\u00e9ation \u00e0 \u00ab\u00a0Soulou\u00a0\u00bb<\/p><\/div>\n<div id=\"attachment_1250\" style=\"width: 310px\" class=\"wp-caption alignright\"><a href=\"http:\/\/www.unenfantuncartable17.fr\/wp-content\/uploads\/2017\/03\/Linstitutrice-des-CI-CP.jpg\"><img loading=\"lazy\" decoding=\"async\" aria-describedby=\"caption-attachment-1250\" class=\"size-medium wp-image-1250\" src=\"http:\/\/www.unenfantuncartable17.fr\/wp-content\/uploads\/2017\/03\/Linstitutrice-des-CI-CP-300x253.jpg\" alt=\"\" width=\"300\" height=\"253\" srcset=\"http:\/\/www.unenfantuncartable17.fr\/wp-content\/uploads\/2017\/03\/Linstitutrice-des-CI-CP-300x253.jpg 300w, http:\/\/www.unenfantuncartable17.fr\/wp-content\/uploads\/2017\/03\/Linstitutrice-des-CI-CP-768x648.jpg 768w, http:\/\/www.unenfantuncartable17.fr\/wp-content\/uploads\/2017\/03\/Linstitutrice-des-CI-CP.jpg 900w\" sizes=\"auto, (max-width: 300px) 100vw, 300px\" \/><\/a><p id=\"caption-attachment-1250\" class=\"wp-caption-text\">Ang\u00e9lique, l&rsquo;institutrice des CI-CP, Marsoulou<\/p><\/div>\n<div id=\"attachment_1252\" style=\"width: 310px\" class=\"wp-caption alignleft\"><a href=\"http:\/\/www.unenfantuncartable17.fr\/wp-content\/uploads\/2017\/03\/sur-la-table-de-l\u00e9l\u00e8ve.jpg\"><img loading=\"lazy\" decoding=\"async\" aria-describedby=\"caption-attachment-1252\" class=\"size-medium wp-image-1252\" src=\"http:\/\/www.unenfantuncartable17.fr\/wp-content\/uploads\/2017\/03\/sur-la-table-de-l\u00e9l\u00e8ve-300x199.jpg\" alt=\"\" width=\"300\" height=\"199\" srcset=\"http:\/\/www.unenfantuncartable17.fr\/wp-content\/uploads\/2017\/03\/sur-la-table-de-l\u00e9l\u00e8ve-300x199.jpg 300w, http:\/\/www.unenfantuncartable17.fr\/wp-content\/uploads\/2017\/03\/sur-la-table-de-l\u00e9l\u00e8ve-768x509.jpg 768w, http:\/\/www.unenfantuncartable17.fr\/wp-content\/uploads\/2017\/03\/sur-la-table-de-l\u00e9l\u00e8ve.jpg 900w\" sizes=\"auto, (max-width: 300px) 100vw, 300px\" \/><\/a><p id=\"caption-attachment-1252\" class=\"wp-caption-text\">Sur la table de l&rsquo;\u00e9l\u00e8ve<\/p><\/div>\n<div id=\"attachment_1254\" style=\"width: 310px\" class=\"wp-caption alignleft\"><a href=\"http:\/\/www.unenfantuncartable17.fr\/wp-content\/uploads\/2017\/03\/emploi-du-temps.jpg\"><img loading=\"lazy\" decoding=\"async\" aria-describedby=\"caption-attachment-1254\" class=\"size-medium wp-image-1254\" src=\"http:\/\/www.unenfantuncartable17.fr\/wp-content\/uploads\/2017\/03\/emploi-du-temps-300x218.jpg\" alt=\"\" width=\"300\" height=\"218\" srcset=\"http:\/\/www.unenfantuncartable17.fr\/wp-content\/uploads\/2017\/03\/emploi-du-temps-300x218.jpg 300w, http:\/\/www.unenfantuncartable17.fr\/wp-content\/uploads\/2017\/03\/emploi-du-temps-768x558.jpg 768w, http:\/\/www.unenfantuncartable17.fr\/wp-content\/uploads\/2017\/03\/emploi-du-temps.jpg 900w\" sizes=\"auto, (max-width: 300px) 100vw, 300px\" \/><\/a><p id=\"caption-attachment-1254\" class=\"wp-caption-text\">Emploi du temps \u00e0 la maternelle de Mar Lodj<\/p><\/div>\n<div id=\"attachment_1255\" style=\"width: 310px\" class=\"wp-caption alignright\"><a href=\"http:\/\/www.unenfantuncartable17.fr\/wp-content\/uploads\/2017\/03\/au-tableau-de-la-GS.jpg\"><img loading=\"lazy\" decoding=\"async\" aria-describedby=\"caption-attachment-1255\" class=\"size-medium wp-image-1255\" src=\"http:\/\/www.unenfantuncartable17.fr\/wp-content\/uploads\/2017\/03\/au-tableau-de-la-GS-300x186.jpg\" alt=\"\" width=\"300\" height=\"186\" srcset=\"http:\/\/www.unenfantuncartable17.fr\/wp-content\/uploads\/2017\/03\/au-tableau-de-la-GS-300x186.jpg 300w, http:\/\/www.unenfantuncartable17.fr\/wp-content\/uploads\/2017\/03\/au-tableau-de-la-GS-768x476.jpg 768w, http:\/\/www.unenfantuncartable17.fr\/wp-content\/uploads\/2017\/03\/au-tableau-de-la-GS.jpg 900w\" sizes=\"auto, (max-width: 300px) 100vw, 300px\" \/><\/a><p id=\"caption-attachment-1255\" class=\"wp-caption-text\">Tableau de la grande section<\/p><\/div>\n<div id=\"attachment_1263\" style=\"width: 327px\" class=\"wp-caption alignleft\"><a href=\"http:\/\/www.unenfantuncartable17.fr\/wp-content\/uploads\/2017\/03\/l\u00e9cole-de-mon-r\u00eave.jpg\"><img loading=\"lazy\" decoding=\"async\" aria-describedby=\"caption-attachment-1263\" class=\" wp-image-1263\" src=\"http:\/\/www.unenfantuncartable17.fr\/wp-content\/uploads\/2017\/03\/l\u00e9cole-de-mon-r\u00eave-300x227.jpg\" alt=\"\" width=\"317\" height=\"240\" srcset=\"http:\/\/www.unenfantuncartable17.fr\/wp-content\/uploads\/2017\/03\/l\u00e9cole-de-mon-r\u00eave-300x227.jpg 300w, http:\/\/www.unenfantuncartable17.fr\/wp-content\/uploads\/2017\/03\/l\u00e9cole-de-mon-r\u00eave-768x581.jpg 768w, http:\/\/www.unenfantuncartable17.fr\/wp-content\/uploads\/2017\/03\/l\u00e9cole-de-mon-r\u00eave.jpg 900w\" sizes=\"auto, (max-width: 317px) 100vw, 317px\" \/><\/a><p id=\"caption-attachment-1263\" class=\"wp-caption-text\">L&rsquo;\u00e9cole de mon r\u00eave<\/p><\/div>\n<div id=\"attachment_1264\" style=\"width: 340px\" class=\"wp-caption alignright\"><a href=\"http:\/\/www.unenfantuncartable17.fr\/wp-content\/uploads\/2017\/03\/dans-la-cour-les-sacs.jpg\"><img loading=\"lazy\" decoding=\"async\" aria-describedby=\"caption-attachment-1264\" class=\" wp-image-1264\" src=\"http:\/\/www.unenfantuncartable17.fr\/wp-content\/uploads\/2017\/03\/dans-la-cour-les-sacs-300x187.jpg\" alt=\"\" width=\"330\" height=\"206\" srcset=\"http:\/\/www.unenfantuncartable17.fr\/wp-content\/uploads\/2017\/03\/dans-la-cour-les-sacs-300x187.jpg 300w, http:\/\/www.unenfantuncartable17.fr\/wp-content\/uploads\/2017\/03\/dans-la-cour-les-sacs-768x479.jpg 768w, http:\/\/www.unenfantuncartable17.fr\/wp-content\/uploads\/2017\/03\/dans-la-cour-les-sacs.jpg 900w\" sizes=\"auto, (max-width: 330px) 100vw, 330px\" \/><\/a><p id=\"caption-attachment-1264\" class=\"wp-caption-text\">Dans la cour de Fafako 1&#8230;<\/p><\/div>\n<div id=\"attachment_1265\" style=\"width: 310px\" class=\"wp-caption alignleft\"><a href=\"http:\/\/www.unenfantuncartable17.fr\/wp-content\/uploads\/2017\/03\/le-directeur.jpg\"><img loading=\"lazy\" decoding=\"async\" aria-describedby=\"caption-attachment-1265\" class=\"size-medium wp-image-1265\" src=\"http:\/\/www.unenfantuncartable17.fr\/wp-content\/uploads\/2017\/03\/le-directeur-300x235.jpg\" alt=\"\" width=\"300\" height=\"235\" srcset=\"http:\/\/www.unenfantuncartable17.fr\/wp-content\/uploads\/2017\/03\/le-directeur-300x235.jpg 300w, http:\/\/www.unenfantuncartable17.fr\/wp-content\/uploads\/2017\/03\/le-directeur-768x602.jpg 768w, http:\/\/www.unenfantuncartable17.fr\/wp-content\/uploads\/2017\/03\/le-directeur.jpg 900w\" sizes=\"auto, (max-width: 300px) 100vw, 300px\" \/><\/a><p id=\"caption-attachment-1265\" class=\"wp-caption-text\">Le directeur de Fafako 2<\/p><\/div>\n<div id=\"attachment_1266\" style=\"width: 310px\" class=\"wp-caption alignright\"><a href=\"http:\/\/www.unenfantuncartable17.fr\/wp-content\/uploads\/2017\/03\/motivation.jpg\"><img loading=\"lazy\" decoding=\"async\" aria-describedby=\"caption-attachment-1266\" class=\"size-medium wp-image-1266\" src=\"http:\/\/www.unenfantuncartable17.fr\/wp-content\/uploads\/2017\/03\/motivation-300x241.jpg\" alt=\"\" width=\"300\" height=\"241\" srcset=\"http:\/\/www.unenfantuncartable17.fr\/wp-content\/uploads\/2017\/03\/motivation-300x241.jpg 300w, http:\/\/www.unenfantuncartable17.fr\/wp-content\/uploads\/2017\/03\/motivation-768x617.jpg 768w, http:\/\/www.unenfantuncartable17.fr\/wp-content\/uploads\/2017\/03\/motivation.jpg 900w\" sizes=\"auto, (max-width: 300px) 100vw, 300px\" \/><\/a><p id=\"caption-attachment-1266\" class=\"wp-caption-text\">Motivation&#8230;<\/p><\/div>\n<div id=\"attachment_1267\" style=\"width: 310px\" class=\"wp-caption alignleft\"><a href=\"http:\/\/www.unenfantuncartable17.fr\/wp-content\/uploads\/2017\/03\/sortie-de-classe.jpg\"><img loading=\"lazy\" decoding=\"async\" aria-describedby=\"caption-attachment-1267\" class=\"size-medium wp-image-1267\" src=\"http:\/\/www.unenfantuncartable17.fr\/wp-content\/uploads\/2017\/03\/sortie-de-classe-300x229.jpg\" alt=\"\" width=\"300\" height=\"229\" srcset=\"http:\/\/www.unenfantuncartable17.fr\/wp-content\/uploads\/2017\/03\/sortie-de-classe-300x229.jpg 300w, http:\/\/www.unenfantuncartable17.fr\/wp-content\/uploads\/2017\/03\/sortie-de-classe-768x586.jpg 768w, http:\/\/www.unenfantuncartable17.fr\/wp-content\/uploads\/2017\/03\/sortie-de-classe.jpg 900w\" sizes=\"auto, (max-width: 300px) 100vw, 300px\" \/><\/a><p id=\"caption-attachment-1267\" class=\"wp-caption-text\">Sortie de classe<\/p><\/div>\n<div id=\"attachment_1269\" style=\"width: 310px\" class=\"wp-caption alignright\"><a href=\"http:\/\/www.unenfantuncartable17.fr\/wp-content\/uploads\/2017\/03\/effectif-ms.jpg\"><img loading=\"lazy\" decoding=\"async\" aria-describedby=\"caption-attachment-1269\" class=\"size-medium wp-image-1269\" src=\"http:\/\/www.unenfantuncartable17.fr\/wp-content\/uploads\/2017\/03\/effectif-ms-300x184.jpg\" alt=\"\" width=\"300\" height=\"184\" srcset=\"http:\/\/www.unenfantuncartable17.fr\/wp-content\/uploads\/2017\/03\/effectif-ms-300x184.jpg 300w, http:\/\/www.unenfantuncartable17.fr\/wp-content\/uploads\/2017\/03\/effectif-ms-768x471.jpg 768w, http:\/\/www.unenfantuncartable17.fr\/wp-content\/uploads\/2017\/03\/effectif-ms.jpg 900w\" sizes=\"auto, (max-width: 300px) 100vw, 300px\" \/><\/a><p id=\"caption-attachment-1269\" class=\"wp-caption-text\">Effectifs de moyenne section maternelle Fafako<\/p><\/div>\n<div id=\"attachment_1270\" style=\"width: 310px\" class=\"wp-caption alignleft\"><a href=\"http:\/\/www.unenfantuncartable17.fr\/wp-content\/uploads\/2017\/03\/grande-section.jpg\"><img loading=\"lazy\" decoding=\"async\" aria-describedby=\"caption-attachment-1270\" class=\"size-medium wp-image-1270\" src=\"http:\/\/www.unenfantuncartable17.fr\/wp-content\/uploads\/2017\/03\/grande-section-300x198.jpg\" alt=\"\" width=\"300\" height=\"198\" srcset=\"http:\/\/www.unenfantuncartable17.fr\/wp-content\/uploads\/2017\/03\/grande-section-300x198.jpg 300w, http:\/\/www.unenfantuncartable17.fr\/wp-content\/uploads\/2017\/03\/grande-section-768x507.jpg 768w, http:\/\/www.unenfantuncartable17.fr\/wp-content\/uploads\/2017\/03\/grande-section.jpg 900w\" sizes=\"auto, (max-width: 300px) 100vw, 300px\" \/><\/a><p id=\"caption-attachment-1270\" class=\"wp-caption-text\">Salle de grande section. Mar Fafako.<\/p><\/div>\n<div id=\"attachment_1272\" style=\"width: 310px\" class=\"wp-caption alignright\"><a href=\"http:\/\/www.unenfantuncartable17.fr\/wp-content\/uploads\/2017\/03\/sasseoir.jpg\"><img loading=\"lazy\" decoding=\"async\" aria-describedby=\"caption-attachment-1272\" class=\"size-medium wp-image-1272\" src=\"http:\/\/www.unenfantuncartable17.fr\/wp-content\/uploads\/2017\/03\/sasseoir-300x199.jpg\" alt=\"\" width=\"300\" height=\"199\" srcset=\"http:\/\/www.unenfantuncartable17.fr\/wp-content\/uploads\/2017\/03\/sasseoir-300x199.jpg 300w, http:\/\/www.unenfantuncartable17.fr\/wp-content\/uploads\/2017\/03\/sasseoir-768x509.jpg 768w, http:\/\/www.unenfantuncartable17.fr\/wp-content\/uploads\/2017\/03\/sasseoir.jpg 900w\" sizes=\"auto, (max-width: 300px) 100vw, 300px\" \/><\/a><p id=\"caption-attachment-1272\" class=\"wp-caption-text\">Les petits&#8230;<\/p><\/div>\n<div id=\"attachment_1273\" style=\"width: 310px\" class=\"wp-caption alignnone\"><a href=\"http:\/\/www.unenfantuncartable17.fr\/wp-content\/uploads\/2017\/03\/le-chant-en-PS.jpg\"><img loading=\"lazy\" decoding=\"async\" aria-describedby=\"caption-attachment-1273\" class=\"size-medium wp-image-1273\" src=\"http:\/\/www.unenfantuncartable17.fr\/wp-content\/uploads\/2017\/03\/le-chant-en-PS-300x218.jpg\" alt=\"\" width=\"300\" height=\"218\" srcset=\"http:\/\/www.unenfantuncartable17.fr\/wp-content\/uploads\/2017\/03\/le-chant-en-PS-300x218.jpg 300w, http:\/\/www.unenfantuncartable17.fr\/wp-content\/uploads\/2017\/03\/le-chant-en-PS-768x558.jpg 768w, http:\/\/www.unenfantuncartable17.fr\/wp-content\/uploads\/2017\/03\/le-chant-en-PS.jpg 900w\" sizes=\"auto, (max-width: 300px) 100vw, 300px\" \/><\/a><p id=\"caption-attachment-1273\" class=\"wp-caption-text\">&#8230;qui chantent<\/p><\/div>\n","protected":false},"excerpt":{"rendered":"<p>Voici quelques clich\u00e9s pris lors de la derni\u00e8re mission de printemps. \u00ab\u00a0Un enfant, un cartable\u00a0\u00bb, adresse, \u00e0 cette occasion, un amical salut \u00e0 Olivier Gu\u00e9rin, directeur du camp d&rsquo;Hakuna Matata, qui apr\u00e8s 11 ans \u00e0 la direction du camp a rejoint l&rsquo;Europe. Ce reportage qui commence avec son d\u00e9part en cal\u00e8che, lui est d\u00e9di\u00e9. (cliquer [&hellip;]<\/p>\n","protected":false},"author":2,"featured_media":0,"parent":0,"menu_order":0,"comment_status":"closed","ping_status":"closed","template":"","meta":{"jetpack_post_was_ever_published":false,"footnotes":""},"class_list":["post-1232","page","type-page","status-publish","hentry"],"jetpack_sharing_enabled":true,"jetpack_shortlink":"https:\/\/wp.me\/P5o8j7-jS","_links":{"self":[{"href":"http:\/\/www.unenfantuncartable17.fr\/index.php?rest_route=\/wp\/v2\/pages\/1232","targetHints":{"allow":["GET"]}}],"collection":[{"href":"http:\/\/www.unenfantuncartable17.fr\/index.php?rest_route=\/wp\/v2\/pages"}],"about":[{"href":"http:\/\/www.unenfantuncartable17.fr\/index.php?rest_route=\/wp\/v2\/types\/page"}],"author":[{"embeddable":true,"href":"http:\/\/www.unenfantuncartable17.fr\/index.php?rest_route=\/wp\/v2\/users\/2"}],"replies":[{"embeddable":true,"href":"http:\/\/www.unenfantuncartable17.fr\/index.php?rest_route=%2Fwp%2Fv2%2Fcomments&post=1232"}],"version-history":[{"count":20,"href":"http:\/\/www.unenfantuncartable17.fr\/index.php?rest_route=\/wp\/v2\/pages\/1232\/revisions"}],"predecessor-version":[{"id":4378,"href":"http:\/\/www.unenfantuncartable17.fr\/index.php?rest_route=\/wp\/v2\/pages\/1232\/revisions\/4378"}],"wp:attachment":[{"href":"http:\/\/www.unenfantuncartable17.fr\/index.php?rest_route=%2Fwp%2Fv2%2Fmedia&parent=1232"}],"curies":[{"name":"wp","href":"https:\/\/api.w.org\/{rel}","templated":true}]}}